{"id":103,"date":"2015-09-27T18:50:29","date_gmt":"2015-09-27T18:50:29","guid":{"rendered":"https:\/\/nomen.es\/?page_id=103"},"modified":"2024-05-24T09:50:20","modified_gmt":"2024-05-24T07:50:20","slug":"plats-preparats","status":"publish","type":"page","link":"https:\/\/nomen.es\/ca\/productes-nomen\/plats-preparats\/","title":{"rendered":"Plats preparats"},"content":{"rendered":"<p>[et_pb_section fb_built=&#8221;1&#8243; fullwidth=&#8221;on&#8221; _builder_version=&#8221;4.24.2&#8243; _module_preset=&#8221;default&#8221; custom_padding=&#8221;0px||0px||false|false&#8221; global_colors_info=&#8221;{}&#8221;][et_pb_fullwidth_image src=&#8221;https:\/\/nomen.es\/wp-content\/uploads\/2015\/09\/portada-productos-nomen-scaled.jpg&#8221; title_text=&#8221;portada-productos-nomen&#8221; _builder_version=&#8221;4.24.2&#8243; _module_preset=&#8221;default&#8221; global_colors_info=&#8221;{}&#8221;][\/et_pb_fullwidth_image][\/et_pb_section][et_pb_section fb_built=&#8221;1&#8243; fullwidth=&#8221;on&#8221; _builder_version=&#8221;4.24.2&#8243; _module_preset=&#8221;default&#8221; custom_padding=&#8221;0px||0px||false|false&#8221; global_colors_info=&#8221;{}&#8221;][et_pb_fullwidth_menu menu_id=&#8221;33&#8243; fullwidth_menu=&#8221;on&#8221; active_link_color=&#8221;#ffffff&#8221; menu_icon_color=&#8221;#333333&#8243; module_class=&#8221;productos__menu&#8221; _builder_version=&#8221;4.24.2&#8243; _module_preset=&#8221;default&#8221; menu_font=&#8221;Montserrat|500|||||||&#8221; menu_text_color=&#8221;#FFFFFF&#8221; background_color=&#8221;#4073AE&#8221; custom_padding=&#8221;|15px||15px|false|false&#8221; custom_padding_tablet=&#8221;|0px||0px|false|false&#8221; custom_padding_phone=&#8221;|0px||0px|false|false&#8221; custom_padding_last_edited=&#8221;on|tablet&#8221; global_colors_info=&#8221;{}&#8221;][\/et_pb_fullwidth_menu][\/et_pb_section][et_pb_section fb_built=&#8221;1&#8243; _builder_version=&#8221;4.24.2&#8243; _module_preset=&#8221;default&#8221; global_colors_info=&#8221;{}&#8221;][et_pb_row column_structure=&#8221;3_5,2_5&#8243; module_class=&#8221;productos__que-comeras&#8221; _builder_version=&#8221;4.24.2&#8243; _module_preset=&#8221;default&#8221; custom_padding=&#8221;||60px||false|false&#8221; border_width_bottom=&#8221;1px&#8221; border_color_bottom=&#8221;#cccccc&#8221; global_colors_info=&#8221;{}&#8221;][et_pb_column type=&#8221;3_5&#8243; _builder_version=&#8221;4.24.2&#8243; _module_preset=&#8221;default&#8221; global_colors_info=&#8221;{}&#8221;][et_pb_text _builder_version=&#8221;4.25.1&#8243; _module_preset=&#8221;default&#8221; custom_margin=&#8221;||5px||false|false&#8221; hover_enabled=&#8221;0&#8243; global_colors_info=&#8221;{}&#8221; sticky_enabled=&#8221;0&#8243;]<\/p>\n<h1>Plats preparats<\/h1>\n<p>[\/et_pb_text][et_pb_text _builder_version=&#8221;4.25.1&#8243; _module_preset=&#8221;default&#8221; hover_enabled=&#8221;0&#8243; global_colors_info=&#8221;{}&#8221; sticky_enabled=&#8221;0&#8243;]<\/p>\n<p>Estalvia temps a la cuina i prepara deliciosos \u00e0pats amb els <strong>plats preparats<\/strong> de Nomen. Gaudeix de l\u2019excel\u00b7lent gastronomia mediterr\u00e0nia amb la nostra <strong>fideuada<\/strong> o <strong>arr\u00f2s negre<\/strong>. I si vols una nutritiva guarnici\u00f3 en nom\u00e9s 1 minut, tasta els <strong>vasets d\u2019arr\u00f2s<\/strong> Nomen.<\/p>\n<p>Assaboreix la millor cuina mediterr\u00e0nia a casa amb els plats preparats Nomen.<\/p>\n<p>[\/et_pb_text][\/et_pb_column][et_pb_column type=&#8221;2_5&#8243; _builder_version=&#8221;4.24.2&#8243; _module_preset=&#8221;default&#8221; global_colors_info=&#8221;{}&#8221;][et_pb_blurb use_icon=&#8221;on&#8221; font_icon=&#8221;&#xe025;||divi||400&#8243; icon_color=&#8221;#999999&#8243; icon_placement=&#8221;left&#8221; image_icon_width=&#8221;22px&#8221; _builder_version=&#8221;4.24.2&#8243; _dynamic_attributes=&#8221;link_option_url&#8221; _module_preset=&#8221;default&#8221; body_text_align=&#8221;left&#8221; body_text_color=&#8221;#999999&#8243; animation=&#8221;off&#8221; link_option_url=&#8221;@ET-DC@eyJkeW5hbWljIjp0cnVlLCJjb250ZW50IjoicG9zdF9saW5rX3VybF9wYWdlIiwic2V0dGluZ3MiOnsicG9zdF9pZCI6IjkxMSJ9fQ==@&#8221; global_colors_info=&#8221;{}&#8221;]<\/p>\n<p>Taula d&#8217;al\u00b7l\u00e8rgens<\/p>\n<p>[\/et_pb_blurb][\/et_pb_column][\/et_pb_row][et_pb_row module_class=&#8221;productos__productos-grid&#8221; _builder_version=&#8221;4.24.2&#8243; _module_preset=&#8221;default&#8221; custom_padding=&#8221;60px||60px||false|false&#8221; global_colors_info=&#8221;{}&#8221;][et_pb_column type=&#8221;4_4&#8243; _builder_version=&#8221;4.24.2&#8243; _module_preset=&#8221;default&#8221; global_colors_info=&#8221;{}&#8221;][et_pb_code _builder_version=&#8221;4.24.2&#8243; _module_preset=&#8221;default&#8221; global_colors_info=&#8221;{}&#8221;]\n<div class=\"llistat-productes-types\">\n    <!-- mostrar \"categoria\" arroc\u00edsimo -->\n        <!-- fi mostrar \"categoria\" arroc\u00edsimo -->\n\n    <!-- mostrar \"categoria\" vasets d'arros -->\n            <div class=\"productes-types-item\">\n            <div class=\"thumbnail\">\n                <div style=\"position:relative; text-align:center;\">\n                    <a href=\"https:\/\/nomen.es\/productos-nomen\/vasitos-de-arroz\/\"><img decoding=\"async\" class=\"img-responsive\" style=\"max-height: 270px;\" alt=\"Vasets d'arr\u00f2s\" src=\"https:\/\/nomen.es\/wp-content\/uploads\/2023\/12\/nuevos-vasito-arroz-nomen-2023-2.png\" \/><\/a>\n                    <!-- <div class=\"nou\">Nou<\/div> -->\n                <\/div>\n                <div class=\"caption text-center\">\n                    <a href=\"https:\/\/nomen.es\/productos-nomen\/vasitos-de-arroz\/\"><h4 style='padding-top:10px; padding-bottom:0;text-transform: uppercase; '>Vasets d'arr\u00f2s<\/h4><\/a>\n                <\/div>\n            <\/div>\n        <\/div>\n        <!-- fi mostrar \"categoria\" vasets d'arros -->\n\n            <div class=\"productes-types-item\">\n            <div class=\"thumbnail\">\n                <div style=\"position:relative; text-align:center;\">\n                    <a href=\"https:\/\/nomen.es\/ca\/plats-preparats\/fideuada\/\"><img decoding=\"async\" class=\"img-responsive\" style=\"max-height: 270px;\" alt=\"FIDEUADA\" src=\"https:\/\/nomen.es\/wp-content\/uploads\/2015\/09\/fideua.png\" \/><\/a>\n\n\n                                    <\/div>\n                <div class=\"caption text-center\">\n                    <a href=\"https:\/\/nomen.es\/ca\/plats-preparats\/fideuada\/\"><h4 style='padding-top:10px; padding-bottom:0;'>FIDEUADA<\/h4><\/a>\n                <\/div>\n            <\/div>\n        <\/div>\n            <div class=\"productes-types-item\">\n            <div class=\"thumbnail\">\n                <div style=\"position:relative; text-align:center;\">\n                    <a href=\"https:\/\/nomen.es\/ca\/plats-preparats\/arros-negre\/\"><img decoding=\"async\" class=\"img-responsive\" style=\"max-height: 270px;\" alt=\"ARR\u00d2S NEGRE\" src=\"https:\/\/nomen.es\/wp-content\/uploads\/2015\/09\/arroz-negro.png\" \/><\/a>\n\n\n                                    <\/div>\n                <div class=\"caption text-center\">\n                    <a href=\"https:\/\/nomen.es\/ca\/plats-preparats\/arros-negre\/\"><h4 style='padding-top:10px; padding-bottom:0;'>ARR\u00d2S NEGRE<\/h4><\/a>\n                <\/div>\n            <\/div>\n        <\/div>\n    <\/div>[\/et_pb_code][\/et_pb_column][\/et_pb_row][et_pb_row _builder_version=&#8221;4.24.2&#8243; _module_preset=&#8221;default&#8221; custom_padding=&#8221;60px||15px||false|false&#8221; border_width_top=&#8221;1px&#8221; border_color_top=&#8221;#cccccc&#8221; global_colors_info=&#8221;{}&#8221;][et_pb_column type=&#8221;4_4&#8243; _builder_version=&#8221;4.24.2&#8243; _module_preset=&#8221;default&#8221; global_colors_info=&#8221;{}&#8221;][et_pb_text _builder_version=&#8221;4.24.2&#8243; _module_preset=&#8221;default&#8221; global_colors_info=&#8221;{}&#8221;]<\/p>\n<h2>Plats preparats Nomen. Bo, r\u00e0pid i f\u00e0cil!<\/h2>\n<p>[\/et_pb_text][\/et_pb_column][\/et_pb_row][et_pb_row column_structure=&#8221;1_2,1_2&#8243; module_class=&#8221;productos__text-bottom&#8221; _builder_version=&#8221;4.24.2&#8243; _module_preset=&#8221;default&#8221; custom_padding=&#8221;0px||||false|false&#8221; global_colors_info=&#8221;{}&#8221;][et_pb_column type=&#8221;1_2&#8243; _builder_version=&#8221;4.24.2&#8243; _module_preset=&#8221;default&#8221; global_colors_info=&#8221;{}&#8221;][et_pb_text _builder_version=&#8221;4.25.1&#8243; _module_preset=&#8221;default&#8221; custom_css_free_form=&#8221;selector p {font-size: 14px;}&#8221; global_colors_info=&#8221;{}&#8221;]<\/p>\n<p>Amb la <strong>cuina mediterr\u00e0nia<\/strong> de Nomen podr\u00e0s elaborar plats tan t\u00edpics i deliciosos com la fideuada o un arr\u00f2s negre sense passar-te hores a la cuina.\n<\/p>\n<p>Et preparem els ingredients necessaris, sense colorants ni conservants artificials, per cuinar les receptes estrella de la nostra cuina en pocs minuts.<\/p>\n<p>[\/et_pb_text][\/et_pb_column][et_pb_column type=&#8221;1_2&#8243; _builder_version=&#8221;4.24.2&#8243; _module_preset=&#8221;default&#8221; global_colors_info=&#8221;{}&#8221;][et_pb_text _builder_version=&#8221;4.25.1&#8243; _module_preset=&#8221;default&#8221; custom_css_free_form=&#8221;selector p {font-size: 14px;}&#8221; locked=&#8221;off&#8221; global_colors_info=&#8221;{}&#8221;]<\/p>\n<p>Descobreix el sabor dels <strong>plats preparats<\/strong> Nomen, llueix-te amb la nostra <strong>fideuada<\/strong>, assaboreix el nostre <strong>arr\u00f2s negre<\/strong> o prepara r\u00e0pidament una recepta d&#8217;arr\u00f2s amb els <strong>vasets d&#8217;arr\u00f2s<\/strong>. Per gaudir de la qualitat d\u2019un restaurant a casa teva. Nomen et porta els aut\u00e8ntics sabors de la gastronomia mediterr\u00e0nia a casa. Amb els plats preparats Nomen \u00e9s f\u00e0cil, r\u00e0pid i c\u00f2mode. Quin plat preparar\u00e0s avui?<\/p>\n<p>[\/et_pb_text][\/et_pb_column][\/et_pb_row][\/et_pb_section]<\/p>\n","protected":false},"excerpt":{"rendered":"<p>[et_pb_section fb_built=&#8221;1&#8243; fullwidth=&#8221;on&#8221; _builder_version=&#8221;4.24.2&#8243; _module_preset=&#8221;default&#8221; custom_padding=&#8221;0px||0px||false|false&#8221; global_colors_info=&#8221;{}&#8221;][et_pb_fullwidth_image src=&#8221;https:\/\/nomen.es\/wp-content\/uploads\/2015\/09\/portada-productos-nomen-scaled.jpg&#8221; title_text=&#8221;portada-productos-nomen&#8221; _builder_version=&#8221;4.24.2&#8243; _module_preset=&#8221;default&#8221; global_colors_info=&#8221;{}&#8221;][\/et_pb_fullwidth_image][\/et_pb_section][et_pb_section fb_built=&#8221;1&#8243; fullwidth=&#8221;on&#8221; _builder_version=&#8221;4.24.2&#8243; _module_preset=&#8221;default&#8221; custom_padding=&#8221;0px||0px||false|false&#8221; global_colors_info=&#8221;{}&#8221;][et_pb_fullwidth_menu menu_id=&#8221;33&#8243; fullwidth_menu=&#8221;on&#8221; active_link_color=&#8221;#ffffff&#8221; menu_icon_color=&#8221;#333333&#8243; module_class=&#8221;productos__menu&#8221; _builder_version=&#8221;4.24.2&#8243; _module_preset=&#8221;default&#8221; menu_font=&#8221;Montserrat|500|||||||&#8221; menu_text_color=&#8221;#FFFFFF&#8221; background_color=&#8221;#4073AE&#8221; custom_padding=&#8221;|15px||15px|false|false&#8221; custom_padding_tablet=&#8221;|0px||0px|false|false&#8221; custom_padding_phone=&#8221;|0px||0px|false|false&#8221; custom_padding_last_edited=&#8221;on|tablet&#8221; global_colors_info=&#8221;{}&#8221;][\/et_pb_fullwidth_menu][\/et_pb_section][et_pb_section fb_built=&#8221;1&#8243; _builder_version=&#8221;4.24.2&#8243; _module_preset=&#8221;default&#8221; global_colors_info=&#8221;{}&#8221;][et_pb_row column_structure=&#8221;3_5,2_5&#8243; module_class=&#8221;productos__que-comeras&#8221; _builder_version=&#8221;4.24.2&#8243; _module_preset=&#8221;default&#8221; custom_padding=&#8221;||60px||false|false&#8221; border_width_bottom=&#8221;1px&#8221; border_color_bottom=&#8221;#cccccc&#8221; global_colors_info=&#8221;{}&#8221;][et_pb_column type=&#8221;3_5&#8243; _builder_version=&#8221;4.24.2&#8243; _module_preset=&#8221;default&#8221; global_colors_info=&#8221;{}&#8221;][et_pb_text _builder_version=&#8221;4.25.1&#8243; _module_preset=&#8221;default&#8221; custom_margin=&#8221;||5px||false|false&#8221; hover_enabled=&#8221;0&#8243; global_colors_info=&#8221;{}&#8221; sticky_enabled=&#8221;0&#8243;] [&hellip;]<\/p>\n","protected":false},"author":1,"featured_media":8390,"parent":12,"menu_order":0,"comment_status":"closed","ping_status":"closed","template":"","meta":{"_acf_changed":false,"_et_pb_use_builder":"on","_et_pb_old_content":"","_et_gb_content_width":"","inline_featured_image":false,"footnotes":""},"class_list":["post-103","page","type-page","status-publish","has-post-thumbnail","hentry"],"acf":[],"yoast_head":"<!-- This site is optimized with the Yoast SEO plugin v27.4 - https:\/\/yoast.com\/product\/yoast-seo-wordpress\/ -->\n<title>Plats preparats Nomen - Fideuada, arr\u00f2s negre, vasets d&#039;arr\u00f2s<\/title>\n<meta name=\"description\" content=\"Amb els plats preparats Nomen estalvia temps a la cuina i prepara delicioses receptes com ara fideuada i arr\u00f2s negre. Tasta&#039;ls.\" \/>\n<meta name=\"robots\" content=\"index, follow, max-snippet:-1, max-image-preview:large, max-video-preview:-1\" \/>\n<link rel=\"canonical\" href=\"https:\/\/nomen.es\/ca\/productes-nomen\/plats-preparats\/\" \/>\n<meta property=\"og:locale\" content=\"ca_ES\" \/>\n<meta property=\"og:type\" content=\"article\" \/>\n<meta property=\"og:title\" content=\"Plats preparats Nomen - Fideuada, arr\u00f2s negre, vasets d&#039;arr\u00f2s\" \/>\n<meta property=\"og:description\" content=\"Amb els plats preparats Nomen estalvia temps a la cuina i prepara delicioses receptes com ara fideuada i arr\u00f2s negre. Tasta&#039;ls.\" \/>\n<meta property=\"og:url\" content=\"https:\/\/nomen.es\/ca\/productes-nomen\/plats-preparats\/\" \/>\n<meta property=\"og:site_name\" content=\"Nomen\" \/>\n<meta property=\"article:modified_time\" content=\"2024-05-24T07:50:20+00:00\" \/>\n<meta property=\"og:image\" content=\"https:\/\/nomen.es\/wp-content\/uploads\/2015\/09\/fideua.png\" \/>\n\t<meta property=\"og:image:width\" content=\"462\" \/>\n\t<meta property=\"og:image:height\" content=\"510\" \/>\n\t<meta property=\"og:image:type\" content=\"image\/png\" \/>\n<meta name=\"twitter:label1\" content=\"Temps estimat de lectura\" \/>\n\t<meta name=\"twitter:data1\" content=\"3 minuts\" \/>\n<script type=\"application\/ld+json\" class=\"yoast-schema-graph\">{\"@context\":\"https:\\\/\\\/schema.org\",\"@graph\":[{\"@type\":\"WebPage\",\"@id\":\"https:\\\/\\\/nomen.es\\\/ca\\\/productes-nomen\\\/plats-preparats\\\/\",\"url\":\"https:\\\/\\\/nomen.es\\\/ca\\\/productes-nomen\\\/plats-preparats\\\/\",\"name\":\"Plats preparats Nomen - Fideuada, arr\u00f2s negre, vasets d'arr\u00f2s\",\"isPartOf\":{\"@id\":\"https:\\\/\\\/nomen.es\\\/#website\"},\"primaryImageOfPage\":{\"@id\":\"https:\\\/\\\/nomen.es\\\/ca\\\/productes-nomen\\\/plats-preparats\\\/#primaryimage\"},\"image\":{\"@id\":\"https:\\\/\\\/nomen.es\\\/ca\\\/productes-nomen\\\/plats-preparats\\\/#primaryimage\"},\"thumbnailUrl\":\"https:\\\/\\\/nomen.es\\\/wp-content\\\/uploads\\\/2015\\\/09\\\/fideua.png\",\"datePublished\":\"2015-09-27T18:50:29+00:00\",\"dateModified\":\"2024-05-24T07:50:20+00:00\",\"description\":\"Amb els plats preparats Nomen estalvia temps a la cuina i prepara delicioses receptes com ara fideuada i arr\u00f2s negre. Tasta'ls.\",\"breadcrumb\":{\"@id\":\"https:\\\/\\\/nomen.es\\\/ca\\\/productes-nomen\\\/plats-preparats\\\/#breadcrumb\"},\"inLanguage\":\"ca\",\"potentialAction\":[{\"@type\":\"ReadAction\",\"target\":[\"https:\\\/\\\/nomen.es\\\/ca\\\/productes-nomen\\\/plats-preparats\\\/\"]}]},{\"@type\":\"ImageObject\",\"inLanguage\":\"ca\",\"@id\":\"https:\\\/\\\/nomen.es\\\/ca\\\/productes-nomen\\\/plats-preparats\\\/#primaryimage\",\"url\":\"https:\\\/\\\/nomen.es\\\/wp-content\\\/uploads\\\/2015\\\/09\\\/fideua.png\",\"contentUrl\":\"https:\\\/\\\/nomen.es\\\/wp-content\\\/uploads\\\/2015\\\/09\\\/fideua.png\",\"width\":462,\"height\":510},{\"@type\":\"BreadcrumbList\",\"@id\":\"https:\\\/\\\/nomen.es\\\/ca\\\/productes-nomen\\\/plats-preparats\\\/#breadcrumb\",\"itemListElement\":[{\"@type\":\"ListItem\",\"position\":1,\"name\":\"Portada\",\"item\":\"https:\\\/\\\/nomen.es\\\/ca\\\/\"},{\"@type\":\"ListItem\",\"position\":2,\"name\":\"Productes\",\"item\":\"https:\\\/\\\/nomen.es\\\/ca\\\/productes-nomen\\\/\"},{\"@type\":\"ListItem\",\"position\":3,\"name\":\"Plats preparats\"}]},{\"@type\":\"WebSite\",\"@id\":\"https:\\\/\\\/nomen.es\\\/#website\",\"url\":\"https:\\\/\\\/nomen.es\\\/\",\"name\":\"Nomen\",\"description\":\"Mucho m\u00e1s que arroz\",\"potentialAction\":[{\"@type\":\"SearchAction\",\"target\":{\"@type\":\"EntryPoint\",\"urlTemplate\":\"https:\\\/\\\/nomen.es\\\/?s={search_term_string}\"},\"query-input\":{\"@type\":\"PropertyValueSpecification\",\"valueRequired\":true,\"valueName\":\"search_term_string\"}}],\"inLanguage\":\"ca\"}]}<\/script>\n<!-- \/ Yoast SEO plugin. -->","yoast_head_json":{"title":"Plats preparats Nomen - Fideuada, arr\u00f2s negre, vasets d'arr\u00f2s","description":"Amb els plats preparats Nomen estalvia temps a la cuina i prepara delicioses receptes com ara fideuada i arr\u00f2s negre. Tasta'ls.","robots":{"index":"index","follow":"follow","max-snippet":"max-snippet:-1","max-image-preview":"max-image-preview:large","max-video-preview":"max-video-preview:-1"},"canonical":"https:\/\/nomen.es\/ca\/productes-nomen\/plats-preparats\/","og_locale":"ca_ES","og_type":"article","og_title":"Plats preparats Nomen - Fideuada, arr\u00f2s negre, vasets d'arr\u00f2s","og_description":"Amb els plats preparats Nomen estalvia temps a la cuina i prepara delicioses receptes com ara fideuada i arr\u00f2s negre. Tasta'ls.","og_url":"https:\/\/nomen.es\/ca\/productes-nomen\/plats-preparats\/","og_site_name":"Nomen","article_modified_time":"2024-05-24T07:50:20+00:00","og_image":[{"width":462,"height":510,"url":"https:\/\/nomen.es\/wp-content\/uploads\/2015\/09\/fideua.png","type":"image\/png"}],"twitter_misc":{"Temps estimat de lectura":"3 minuts"},"schema":{"@context":"https:\/\/schema.org","@graph":[{"@type":"WebPage","@id":"https:\/\/nomen.es\/ca\/productes-nomen\/plats-preparats\/","url":"https:\/\/nomen.es\/ca\/productes-nomen\/plats-preparats\/","name":"Plats preparats Nomen - Fideuada, arr\u00f2s negre, vasets d'arr\u00f2s","isPartOf":{"@id":"https:\/\/nomen.es\/#website"},"primaryImageOfPage":{"@id":"https:\/\/nomen.es\/ca\/productes-nomen\/plats-preparats\/#primaryimage"},"image":{"@id":"https:\/\/nomen.es\/ca\/productes-nomen\/plats-preparats\/#primaryimage"},"thumbnailUrl":"https:\/\/nomen.es\/wp-content\/uploads\/2015\/09\/fideua.png","datePublished":"2015-09-27T18:50:29+00:00","dateModified":"2024-05-24T07:50:20+00:00","description":"Amb els plats preparats Nomen estalvia temps a la cuina i prepara delicioses receptes com ara fideuada i arr\u00f2s negre. Tasta'ls.","breadcrumb":{"@id":"https:\/\/nomen.es\/ca\/productes-nomen\/plats-preparats\/#breadcrumb"},"inLanguage":"ca","potentialAction":[{"@type":"ReadAction","target":["https:\/\/nomen.es\/ca\/productes-nomen\/plats-preparats\/"]}]},{"@type":"ImageObject","inLanguage":"ca","@id":"https:\/\/nomen.es\/ca\/productes-nomen\/plats-preparats\/#primaryimage","url":"https:\/\/nomen.es\/wp-content\/uploads\/2015\/09\/fideua.png","contentUrl":"https:\/\/nomen.es\/wp-content\/uploads\/2015\/09\/fideua.png","width":462,"height":510},{"@type":"BreadcrumbList","@id":"https:\/\/nomen.es\/ca\/productes-nomen\/plats-preparats\/#breadcrumb","itemListElement":[{"@type":"ListItem","position":1,"name":"Portada","item":"https:\/\/nomen.es\/ca\/"},{"@type":"ListItem","position":2,"name":"Productes","item":"https:\/\/nomen.es\/ca\/productes-nomen\/"},{"@type":"ListItem","position":3,"name":"Plats preparats"}]},{"@type":"WebSite","@id":"https:\/\/nomen.es\/#website","url":"https:\/\/nomen.es\/","name":"Nomen","description":"Mucho m\u00e1s que arroz","potentialAction":[{"@type":"SearchAction","target":{"@type":"EntryPoint","urlTemplate":"https:\/\/nomen.es\/?s={search_term_string}"},"query-input":{"@type":"PropertyValueSpecification","valueRequired":true,"valueName":"search_term_string"}}],"inLanguage":"ca"}]}},"_links":{"self":[{"href":"https:\/\/nomen.es\/ca\/wp-json\/wp\/v2\/pages\/103","targetHints":{"allow":["GET"]}}],"collection":[{"href":"https:\/\/nomen.es\/ca\/wp-json\/wp\/v2\/pages"}],"about":[{"href":"https:\/\/nomen.es\/ca\/wp-json\/wp\/v2\/types\/page"}],"author":[{"embeddable":true,"href":"https:\/\/nomen.es\/ca\/wp-json\/wp\/v2\/users\/1"}],"replies":[{"embeddable":true,"href":"https:\/\/nomen.es\/ca\/wp-json\/wp\/v2\/comments?post=103"}],"version-history":[{"count":5,"href":"https:\/\/nomen.es\/ca\/wp-json\/wp\/v2\/pages\/103\/revisions"}],"predecessor-version":[{"id":44298,"href":"https:\/\/nomen.es\/ca\/wp-json\/wp\/v2\/pages\/103\/revisions\/44298"}],"up":[{"embeddable":true,"href":"https:\/\/nomen.es\/ca\/wp-json\/wp\/v2\/pages\/12"}],"wp:featuredmedia":[{"embeddable":true,"href":"https:\/\/nomen.es\/ca\/wp-json\/wp\/v2\/media\/8390"}],"wp:attachment":[{"href":"https:\/\/nomen.es\/ca\/wp-json\/wp\/v2\/media?parent=103"}],"curies":[{"name":"wp","href":"https:\/\/api.w.org\/{rel}","templated":true}]}}