{"id":109,"date":"2015-09-27T18:52:05","date_gmt":"2015-09-27T18:52:05","guid":{"rendered":"https:\/\/nomen.es\/?page_id=109"},"modified":"2025-03-20T13:07:51","modified_gmt":"2025-03-20T12:07:51","slug":"farines","status":"publish","type":"page","link":"https:\/\/nomen.es\/ca\/productes-nomen\/farines\/","title":{"rendered":"Farines"},"content":{"rendered":"<p>[et_pb_section fb_built=\u00bb1&#8243; fullwidth=\u00bbon\u00bb _builder_version=\u00bb4.24.2&#8243; _module_preset=\u00bbdefault\u00bb custom_padding=\u00bb0px||0px||false|false\u00bb global_colors_info=\u00bb{}\u00bb][et_pb_fullwidth_image src=\u00bbhttps:\/\/nomen.es\/wp-content\/uploads\/2015\/09\/portada-productos-nomen-scaled.jpg\u00bb title_text=\u00bbportada-productos-nomen\u00bb _builder_version=\u00bb4.24.2&#8243; _module_preset=\u00bbdefault\u00bb global_colors_info=\u00bb{}\u00bb][\/et_pb_fullwidth_image][\/et_pb_section][et_pb_section fb_built=\u00bb1&#8243; fullwidth=\u00bbon\u00bb _builder_version=\u00bb4.24.2&#8243; _module_preset=\u00bbdefault\u00bb custom_padding=\u00bb0px||0px||false|false\u00bb global_colors_info=\u00bb{}\u00bb][et_pb_fullwidth_menu menu_id=\u00bb33&#8243; fullwidth_menu=\u00bbon\u00bb active_link_color=\u00bb#ffffff\u00bb menu_icon_color=\u00bb#333333&#8243; module_class=\u00bbproductos__menu\u00bb _builder_version=\u00bb4.24.2&#8243; _module_preset=\u00bbdefault\u00bb menu_font=\u00bbMontserrat|500|||||||\u00bb menu_text_color=\u00bb#FFFFFF\u00bb background_color=\u00bb#4073AE\u00bb custom_padding=\u00bb|15px||15px|false|false\u00bb custom_padding_tablet=\u00bb|0px||0px|false|false\u00bb custom_padding_phone=\u00bb|0px||0px|false|false\u00bb custom_padding_last_edited=\u00bbon|tablet\u00bb global_colors_info=\u00bb{}\u00bb][\/et_pb_fullwidth_menu][\/et_pb_section][et_pb_section fb_built=\u00bb1&#8243; _builder_version=\u00bb4.24.2&#8243; _module_preset=\u00bbdefault\u00bb global_colors_info=\u00bb{}\u00bb][et_pb_row column_structure=\u00bb3_5,2_5&#8243; module_class=\u00bbproductos__que-comeras\u00bb _builder_version=\u00bb4.24.2&#8243; _module_preset=\u00bbdefault\u00bb custom_padding=\u00bb||60px||false|false\u00bb border_width_bottom=\u00bb1px\u00bb border_color_bottom=\u00bb#cccccc\u00bb global_colors_info=\u00bb{}\u00bb][et_pb_column type=\u00bb3_5&#8243; _builder_version=\u00bb4.24.2&#8243; _module_preset=\u00bbdefault\u00bb global_colors_info=\u00bb{}\u00bb][et_pb_text _builder_version=\u00bb4.24.2&#8243; _module_preset=\u00bbdefault\u00bb custom_margin=\u00bb||5px||false|false\u00bb global_colors_info=\u00bb{}\u00bb]<\/p>\n<h1>Farines<\/h1>\n<p class=\"size-subtitol-22\">Farines d\u2019arr\u00f2s i de blat<\/p>\n<p>[\/et_pb_text][et_pb_text _builder_version=\u00bb4.27.4&#8243; _module_preset=\u00bbdefault\u00bb hover_enabled=\u00bb0&#8243; global_colors_info=\u00bb{}\u00bb sticky_enabled=\u00bb0&#8243;]<\/p>\n<p>Les farines Nomen, de blat i d\u2019arr\u00f2s, s\u00f3n ingredients extremadament vers\u00e0tils a la cuina: per a arrebossar, per a elaborar masses, per a fer pa, per a espessir salses o per a rebosteria.<\/p>\n<p>Les farines Nomen s\u00f3n el producte finament triturat obtingut a partir de la molta de grans d\u2019arr\u00f2s o de blat sencer, madur i sa, conreats amb m\u00e8todes respectuosos amb el medi ambient.<\/p>\n<p>[\/et_pb_text][\/et_pb_column][et_pb_column type=\u00bb2_5&#8243; _builder_version=\u00bb4.24.2&#8243; _module_preset=\u00bbdefault\u00bb global_colors_info=\u00bb{}\u00bb][et_pb_blurb use_icon=\u00bbon\u00bb font_icon=\u00bb&#xe025;||divi||400&#8243; icon_color=\u00bb#999999&#8243; icon_placement=\u00bbleft\u00bb image_icon_width=\u00bb22px\u00bb _builder_version=\u00bb4.24.2&#8243; _dynamic_attributes=\u00bblink_option_url\u00bb _module_preset=\u00bbdefault\u00bb body_text_align=\u00bbleft\u00bb body_text_color=\u00bb#999999&#8243; animation=\u00bboff\u00bb link_option_url=\u00bb@ET-DC@eyJkeW5hbWljIjp0cnVlLCJjb250ZW50IjoicG9zdF9saW5rX3VybF9wYWdlIiwic2V0dGluZ3MiOnsicG9zdF9pZCI6IjkxMSJ9fQ==@\u00bb global_colors_info=\u00bb{}\u00bb]<\/p>\n<p>Taula d&#8217;al\u00b7l\u00e8rgens<\/p>\n<p>[\/et_pb_blurb][\/et_pb_column][\/et_pb_row][et_pb_row module_class=\u00bbproductos__productos-grid\u00bb _builder_version=\u00bb4.24.2&#8243; _module_preset=\u00bbdefault\u00bb custom_padding=\u00bb60px||60px||false|false\u00bb global_colors_info=\u00bb{}\u00bb][et_pb_column type=\u00bb4_4&#8243; _builder_version=\u00bb4.24.2&#8243; _module_preset=\u00bbdefault\u00bb global_colors_info=\u00bb{}\u00bb][et_pb_code _builder_version=\u00bb4.24.2&#8243; _module_preset=\u00bbdefault\u00bb global_colors_info=\u00bb{}\u00bb]\n<div class=\"llistat-productes-types\">\n    <!-- mostrar \"categoria\" arroc\u00edsimo -->\n        <!-- fi mostrar \"categoria\" arroc\u00edsimo -->\n\n    <!-- mostrar \"categoria\" vasets d'arros -->\n        <!-- fi mostrar \"categoria\" vasets d'arros -->\n\n            <div class=\"productes-types-item\">\n            <div class=\"thumbnail\">\n                <div style=\"position:relative; text-align:center;\">\n                    <a href=\"https:\/\/nomen.es\/ca\/farina\/farina-de-blat\/\"><img decoding=\"async\" class=\"img-responsive\" style=\"max-height: 270px;\" alt=\"FARINA DE BLAT\" src=\"https:\/\/nomen.es\/wp-content\/uploads\/2021\/03\/nomen-harina-trigo-tradicional.jpg\" \/><\/a>\n\n\n                                    <\/div>\n                <div class=\"caption text-center\">\n                    <a href=\"https:\/\/nomen.es\/ca\/farina\/farina-de-blat\/\"><h4 style='padding-top:10px; padding-bottom:0;'>FARINA DE BLAT<\/h4><\/a>\n                <\/div>\n            <\/div>\n        <\/div>\n            <div class=\"productes-types-item\">\n            <div class=\"thumbnail\">\n                <div style=\"position:relative; text-align:center;\">\n                    <a href=\"https:\/\/nomen.es\/ca\/farina\/farina-arros\/\"><img decoding=\"async\" class=\"img-responsive\" style=\"max-height: 270px;\" alt=\"FARINA D&#8217;ARR\u00d2S\" src=\"https:\/\/nomen.es\/wp-content\/uploads\/2015\/10\/nomen-harina-arroz.png\" \/><\/a>\n\n\n                                    <\/div>\n                <div class=\"caption text-center\">\n                    <a href=\"https:\/\/nomen.es\/ca\/farina\/farina-arros\/\"><h4 style='padding-top:10px; padding-bottom:0;'>FARINA D&#8217;ARR\u00d2S<\/h4><\/a>\n                <\/div>\n            <\/div>\n        <\/div>\n    <\/div>[\/et_pb_code][\/et_pb_column][\/et_pb_row][et_pb_row _builder_version=\u00bb4.24.2&#8243; _module_preset=\u00bbdefault\u00bb custom_padding=\u00bb60px||15px||false|false\u00bb border_width_top=\u00bb1px\u00bb border_color_top=\u00bb#cccccc\u00bb global_colors_info=\u00bb{}\u00bb][et_pb_column type=\u00bb4_4&#8243; _builder_version=\u00bb4.24.2&#8243; _module_preset=\u00bbdefault\u00bb global_colors_info=\u00bb{}\u00bb][et_pb_text _builder_version=\u00bb4.24.2&#8243; _module_preset=\u00bbdefault\u00bb global_colors_info=\u00bb{}\u00bb]<\/p>\n<h2>Classes de farines Nomen<\/h2>\n<p>[\/et_pb_text][\/et_pb_column][\/et_pb_row][et_pb_row module_class=\u00bbproductos__text-bottom\u00bb _builder_version=\u00bb4.24.2&#8243; _module_preset=\u00bbdefault\u00bb custom_padding=\u00bb0px||||false|false\u00bb global_colors_info=\u00bb{}\u00bb][et_pb_column type=\u00bb4_4&#8243; _builder_version=\u00bb4.24.2&#8243; _module_preset=\u00bbdefault\u00bb global_colors_info=\u00bb{}\u00bb][et_pb_text _builder_version=\u00bb4.27.4&#8243; _module_preset=\u00bbdefault\u00bb hover_enabled=\u00bb0&#8243; custom_css_free_form=\u00bbselector p {font-size: 14px;}||selector {||  column-count: 2;||  column-gap: 40px;||}\u00bb global_colors_info=\u00bb{}\u00bb sticky_enabled=\u00bb0&#8243;]<\/p>\n<p>La farina d\u2019arr\u00f2s, d\u2019alt contingut en mid\u00f3 i sense gluten, \u00e9s perfecta per a arrebossats en tempura i per a elaborar bescuits, galetes, fideus o guisats. A m\u00e9s, en poden menjar les persones cel\u00edaques.<\/p>\n<p>Amb farina de blat podr\u00e0s elaborar les teves millors receptes de bescuits, pastes fullades, creps, pastes, pizzes, salses o guisats. La seva versatilitat la fa ideal per a la rebosteria i la panificaci\u00f3, permetent obtenir masses el\u00e0stiques i f\u00e0cils de pastar.<\/p>\n<p>[\/et_pb_text][\/et_pb_column][\/et_pb_row][\/et_pb_section]<\/p>\n","protected":false},"excerpt":{"rendered":"<p>[et_pb_section fb_built=\u00bb1&#8243; fullwidth=\u00bbon\u00bb _builder_version=\u00bb4.24.2&#8243; _module_preset=\u00bbdefault\u00bb custom_padding=\u00bb0px||0px||false|false\u00bb global_colors_info=\u00bb{}\u00bb][et_pb_fullwidth_image src=\u00bbhttps:\/\/nomen.es\/wp-content\/uploads\/2015\/09\/portada-productos-nomen-scaled.jpg\u00bb title_text=\u00bbportada-productos-nomen\u00bb _builder_version=\u00bb4.24.2&#8243; _module_preset=\u00bbdefault\u00bb global_colors_info=\u00bb{}\u00bb][\/et_pb_fullwidth_image][\/et_pb_section][et_pb_section fb_built=\u00bb1&#8243; fullwidth=\u00bbon\u00bb _builder_version=\u00bb4.24.2&#8243; _module_preset=\u00bbdefault\u00bb custom_padding=\u00bb0px||0px||false|false\u00bb global_colors_info=\u00bb{}\u00bb][et_pb_fullwidth_menu menu_id=\u00bb33&#8243; fullwidth_menu=\u00bbon\u00bb active_link_color=\u00bb#ffffff\u00bb menu_icon_color=\u00bb#333333&#8243; module_class=\u00bbproductos__menu\u00bb _builder_version=\u00bb4.24.2&#8243; _module_preset=\u00bbdefault\u00bb menu_font=\u00bbMontserrat|500|||||||\u00bb menu_text_color=\u00bb#FFFFFF\u00bb background_color=\u00bb#4073AE\u00bb custom_padding=\u00bb|15px||15px|false|false\u00bb custom_padding_tablet=\u00bb|0px||0px|false|false\u00bb custom_padding_phone=\u00bb|0px||0px|false|false\u00bb custom_padding_last_edited=\u00bbon|tablet\u00bb global_colors_info=\u00bb{}\u00bb][\/et_pb_fullwidth_menu][\/et_pb_section][et_pb_section fb_built=\u00bb1&#8243; _builder_version=\u00bb4.24.2&#8243; _module_preset=\u00bbdefault\u00bb global_colors_info=\u00bb{}\u00bb][et_pb_row column_structure=\u00bb3_5,2_5&#8243; module_class=\u00bbproductos__que-comeras\u00bb _builder_version=\u00bb4.24.2&#8243; _module_preset=\u00bbdefault\u00bb custom_padding=\u00bb||60px||false|false\u00bb border_width_bottom=\u00bb1px\u00bb border_color_bottom=\u00bb#cccccc\u00bb global_colors_info=\u00bb{}\u00bb][et_pb_column type=\u00bb3_5&#8243; _builder_version=\u00bb4.24.2&#8243; _module_preset=\u00bbdefault\u00bb global_colors_info=\u00bb{}\u00bb][et_pb_text _builder_version=\u00bb4.24.2&#8243; _module_preset=\u00bbdefault\u00bb custom_margin=\u00bb||5px||false|false\u00bb global_colors_info=\u00bb{}\u00bb] Farines Farines [&hellip;]<\/p>\n","protected":false},"author":1,"featured_media":12277,"parent":12,"menu_order":0,"comment_status":"closed","ping_status":"closed","template":"","meta":{"_acf_changed":false,"_et_pb_use_builder":"on","_et_pb_old_content":"","_et_gb_content_width":"","inline_featured_image":false,"footnotes":"","_members_access_role":[],"_members_access_error":""},"class_list":["post-109","page","type-page","status-publish","has-post-thumbnail","hentry"],"acf":[],"yoast_head":"<!-- This site is optimized with the Yoast SEO plugin v28.3 - https:\/\/yoast.com\/product\/yoast-seo-wordpress\/ -->\n<title>Farines Nomen - D&#039;arr\u00f2s, de blat i de blat integral - Nomen<\/title>\n<meta name=\"description\" content=\"Les farines Nomen, de blat, blat integral i arr\u00f2s, s\u00f3n farines ideals per a arrebossats i rebosteria, per a fer masses o per a espessir qualsevol salsa.\" \/>\n<meta name=\"robots\" content=\"index, follow, max-snippet:-1, max-image-preview:large, max-video-preview:-1\" \/>\n<link rel=\"canonical\" href=\"https:\/\/nomen.es\/ca\/productes-nomen\/farines\/\" \/>\n<meta property=\"og:locale\" content=\"ca_ES\" \/>\n<meta property=\"og:type\" content=\"article\" \/>\n<meta property=\"og:title\" content=\"Farines Nomen - D&#039;arr\u00f2s, de blat i de blat integral - Nomen\" \/>\n<meta property=\"og:description\" content=\"Les farines Nomen, de blat, blat integral i arr\u00f2s, s\u00f3n farines ideals per a arrebossats i rebosteria, per a fer masses o per a espessir qualsevol salsa.\" \/>\n<meta property=\"og:url\" content=\"https:\/\/nomen.es\/ca\/productes-nomen\/farines\/\" \/>\n<meta property=\"og:site_name\" content=\"Nomen\" \/>\n<meta property=\"article:modified_time\" content=\"2025-03-20T12:07:51+00:00\" \/>\n<meta property=\"og:image\" content=\"https:\/\/nomen.es\/wp-content\/uploads\/2021\/03\/nomen-harina-trigo-tradicional.jpg\" \/>\n\t<meta property=\"og:image:width\" content=\"924\" \/>\n\t<meta property=\"og:image:height\" content=\"1020\" \/>\n\t<meta property=\"og:image:type\" content=\"image\/jpeg\" \/>\n<meta name=\"twitter:label1\" content=\"Temps estimat de lectura\" \/>\n\t<meta name=\"twitter:data1\" content=\"2 minuts\" \/>\n<script type=\"application\/ld+json\" class=\"yoast-schema-graph\">{\"@context\":\"https:\\\/\\\/schema.org\",\"@graph\":[{\"@type\":\"WebPage\",\"@id\":\"https:\\\/\\\/nomen.es\\\/ca\\\/productes-nomen\\\/farines\\\/\",\"url\":\"https:\\\/\\\/nomen.es\\\/ca\\\/productes-nomen\\\/farines\\\/\",\"name\":\"Farines Nomen - D'arr\u00f2s, de blat i de blat integral - Nomen\",\"isPartOf\":{\"@id\":\"https:\\\/\\\/nomen.es\\\/#website\"},\"primaryImageOfPage\":{\"@id\":\"https:\\\/\\\/nomen.es\\\/ca\\\/productes-nomen\\\/farines\\\/#primaryimage\"},\"image\":{\"@id\":\"https:\\\/\\\/nomen.es\\\/ca\\\/productes-nomen\\\/farines\\\/#primaryimage\"},\"thumbnailUrl\":\"https:\\\/\\\/nomen.es\\\/wp-content\\\/uploads\\\/2021\\\/03\\\/nomen-harina-trigo-tradicional.jpg\",\"datePublished\":\"2015-09-27T18:52:05+00:00\",\"dateModified\":\"2025-03-20T12:07:51+00:00\",\"description\":\"Les farines Nomen, de blat, blat integral i arr\u00f2s, s\u00f3n farines ideals per a arrebossats i rebosteria, per a fer masses o per a espessir qualsevol salsa.\",\"breadcrumb\":{\"@id\":\"https:\\\/\\\/nomen.es\\\/ca\\\/productes-nomen\\\/farines\\\/#breadcrumb\"},\"inLanguage\":\"ca\",\"potentialAction\":[{\"@type\":\"ReadAction\",\"target\":[\"https:\\\/\\\/nomen.es\\\/ca\\\/productes-nomen\\\/farines\\\/\"]}]},{\"@type\":\"ImageObject\",\"inLanguage\":\"ca\",\"@id\":\"https:\\\/\\\/nomen.es\\\/ca\\\/productes-nomen\\\/farines\\\/#primaryimage\",\"url\":\"https:\\\/\\\/nomen.es\\\/wp-content\\\/uploads\\\/2021\\\/03\\\/nomen-harina-trigo-tradicional.jpg\",\"contentUrl\":\"https:\\\/\\\/nomen.es\\\/wp-content\\\/uploads\\\/2021\\\/03\\\/nomen-harina-trigo-tradicional.jpg\",\"width\":924,\"height\":1020},{\"@type\":\"BreadcrumbList\",\"@id\":\"https:\\\/\\\/nomen.es\\\/ca\\\/productes-nomen\\\/farines\\\/#breadcrumb\",\"itemListElement\":[{\"@type\":\"ListItem\",\"position\":1,\"name\":\"Portada\",\"item\":\"https:\\\/\\\/nomen.es\\\/ca\\\/\"},{\"@type\":\"ListItem\",\"position\":2,\"name\":\"Productes\",\"item\":\"https:\\\/\\\/nomen.es\\\/ca\\\/productes-nomen\\\/\"},{\"@type\":\"ListItem\",\"position\":3,\"name\":\"Farines\"}]},{\"@type\":\"WebSite\",\"@id\":\"https:\\\/\\\/nomen.es\\\/#website\",\"url\":\"https:\\\/\\\/nomen.es\\\/\",\"name\":\"Nomen\",\"description\":\"Mucho m\u00e1s que arroz\",\"potentialAction\":[{\"@type\":\"SearchAction\",\"target\":{\"@type\":\"EntryPoint\",\"urlTemplate\":\"https:\\\/\\\/nomen.es\\\/?s={search_term_string}\"},\"query-input\":{\"@type\":\"PropertyValueSpecification\",\"valueRequired\":true,\"valueName\":\"search_term_string\"}}],\"inLanguage\":\"ca\"}]}<\/script>\n<!-- \/ Yoast SEO plugin. -->","yoast_head_json":{"title":"Farines Nomen - D'arr\u00f2s, de blat i de blat integral - Nomen","description":"Les farines Nomen, de blat, blat integral i arr\u00f2s, s\u00f3n farines ideals per a arrebossats i rebosteria, per a fer masses o per a espessir qualsevol salsa.","robots":{"index":"index","follow":"follow","max-snippet":"max-snippet:-1","max-image-preview":"max-image-preview:large","max-video-preview":"max-video-preview:-1"},"canonical":"https:\/\/nomen.es\/ca\/productes-nomen\/farines\/","og_locale":"ca_ES","og_type":"article","og_title":"Farines Nomen - D'arr\u00f2s, de blat i de blat integral - Nomen","og_description":"Les farines Nomen, de blat, blat integral i arr\u00f2s, s\u00f3n farines ideals per a arrebossats i rebosteria, per a fer masses o per a espessir qualsevol salsa.","og_url":"https:\/\/nomen.es\/ca\/productes-nomen\/farines\/","og_site_name":"Nomen","article_modified_time":"2025-03-20T12:07:51+00:00","og_image":[{"width":924,"height":1020,"url":"https:\/\/nomen.es\/wp-content\/uploads\/2021\/03\/nomen-harina-trigo-tradicional.jpg","type":"image\/jpeg"}],"twitter_misc":{"Temps estimat de lectura":"2 minuts"},"schema":{"@context":"https:\/\/schema.org","@graph":[{"@type":"WebPage","@id":"https:\/\/nomen.es\/ca\/productes-nomen\/farines\/","url":"https:\/\/nomen.es\/ca\/productes-nomen\/farines\/","name":"Farines Nomen - D'arr\u00f2s, de blat i de blat integral - Nomen","isPartOf":{"@id":"https:\/\/nomen.es\/#website"},"primaryImageOfPage":{"@id":"https:\/\/nomen.es\/ca\/productes-nomen\/farines\/#primaryimage"},"image":{"@id":"https:\/\/nomen.es\/ca\/productes-nomen\/farines\/#primaryimage"},"thumbnailUrl":"https:\/\/nomen.es\/wp-content\/uploads\/2021\/03\/nomen-harina-trigo-tradicional.jpg","datePublished":"2015-09-27T18:52:05+00:00","dateModified":"2025-03-20T12:07:51+00:00","description":"Les farines Nomen, de blat, blat integral i arr\u00f2s, s\u00f3n farines ideals per a arrebossats i rebosteria, per a fer masses o per a espessir qualsevol salsa.","breadcrumb":{"@id":"https:\/\/nomen.es\/ca\/productes-nomen\/farines\/#breadcrumb"},"inLanguage":"ca","potentialAction":[{"@type":"ReadAction","target":["https:\/\/nomen.es\/ca\/productes-nomen\/farines\/"]}]},{"@type":"ImageObject","inLanguage":"ca","@id":"https:\/\/nomen.es\/ca\/productes-nomen\/farines\/#primaryimage","url":"https:\/\/nomen.es\/wp-content\/uploads\/2021\/03\/nomen-harina-trigo-tradicional.jpg","contentUrl":"https:\/\/nomen.es\/wp-content\/uploads\/2021\/03\/nomen-harina-trigo-tradicional.jpg","width":924,"height":1020},{"@type":"BreadcrumbList","@id":"https:\/\/nomen.es\/ca\/productes-nomen\/farines\/#breadcrumb","itemListElement":[{"@type":"ListItem","position":1,"name":"Portada","item":"https:\/\/nomen.es\/ca\/"},{"@type":"ListItem","position":2,"name":"Productes","item":"https:\/\/nomen.es\/ca\/productes-nomen\/"},{"@type":"ListItem","position":3,"name":"Farines"}]},{"@type":"WebSite","@id":"https:\/\/nomen.es\/#website","url":"https:\/\/nomen.es\/","name":"Nomen","description":"Mucho m\u00e1s que arroz","potentialAction":[{"@type":"SearchAction","target":{"@type":"EntryPoint","urlTemplate":"https:\/\/nomen.es\/?s={search_term_string}"},"query-input":{"@type":"PropertyValueSpecification","valueRequired":true,"valueName":"search_term_string"}}],"inLanguage":"ca"}]}},"_links":{"self":[{"href":"https:\/\/nomen.es\/ca\/wp-json\/wp\/v2\/pages\/109","targetHints":{"allow":["GET"]}}],"collection":[{"href":"https:\/\/nomen.es\/ca\/wp-json\/wp\/v2\/pages"}],"about":[{"href":"https:\/\/nomen.es\/ca\/wp-json\/wp\/v2\/types\/page"}],"author":[{"embeddable":true,"href":"https:\/\/nomen.es\/ca\/wp-json\/wp\/v2\/users\/1"}],"replies":[{"embeddable":true,"href":"https:\/\/nomen.es\/ca\/wp-json\/wp\/v2\/comments?post=109"}],"version-history":[{"count":1,"href":"https:\/\/nomen.es\/ca\/wp-json\/wp\/v2\/pages\/109\/revisions"}],"predecessor-version":[{"id":46165,"href":"https:\/\/nomen.es\/ca\/wp-json\/wp\/v2\/pages\/109\/revisions\/46165"}],"up":[{"embeddable":true,"href":"https:\/\/nomen.es\/ca\/wp-json\/wp\/v2\/pages\/12"}],"wp:featuredmedia":[{"embeddable":true,"href":"https:\/\/nomen.es\/ca\/wp-json\/wp\/v2\/media\/12277"}],"wp:attachment":[{"href":"https:\/\/nomen.es\/ca\/wp-json\/wp\/v2\/media?parent=109"}],"curies":[{"name":"wp","href":"https:\/\/api.w.org\/{rel}","templated":true}]}}