{"id":112,"date":"2015-09-27T18:53:00","date_gmt":"2015-09-27T18:53:00","guid":{"rendered":"https:\/\/nomen.es\/?page_id=112"},"modified":"2024-02-29T15:45:15","modified_gmt":"2024-02-29T14:45:15","slug":"semoles","status":"publish","type":"page","link":"https:\/\/nomen.es\/ca\/productes-nomen\/semoles\/","title":{"rendered":"S\u00e8moles"},"content":{"rendered":"<p>[et_pb_section fb_built=\u00bb1&#8243; fullwidth=\u00bbon\u00bb _builder_version=\u00bb4.24.2&#8243; _module_preset=\u00bbdefault\u00bb custom_padding=\u00bb0px||0px||false|false\u00bb global_colors_info=\u00bb{}\u00bb theme_builder_area=\u00bbpost_content\u00bb][et_pb_fullwidth_image src=\u00bbhttps:\/\/nomen.es\/wp-content\/uploads\/2015\/09\/portada-productos-nomen-scaled.jpg\u00bb title_text=\u00bbportada-productos-nomen\u00bb _builder_version=\u00bb4.24.2&#8243; _module_preset=\u00bbdefault\u00bb global_colors_info=\u00bb{}\u00bb theme_builder_area=\u00bbpost_content\u00bb][\/et_pb_fullwidth_image][\/et_pb_section][et_pb_section fb_built=\u00bb1&#8243; fullwidth=\u00bbon\u00bb _builder_version=\u00bb4.24.2&#8243; _module_preset=\u00bbdefault\u00bb custom_padding=\u00bb0px||0px||false|false\u00bb global_colors_info=\u00bb{}\u00bb theme_builder_area=\u00bbpost_content\u00bb][et_pb_fullwidth_menu menu_id=\u00bb33&#8243; fullwidth_menu=\u00bbon\u00bb active_link_color=\u00bb#ffffff\u00bb menu_icon_color=\u00bb#333333&#8243; module_class=\u00bbproductos__menu\u00bb _builder_version=\u00bb4.24.2&#8243; _module_preset=\u00bbdefault\u00bb menu_font=\u00bbMontserrat|500|||||||\u00bb menu_text_color=\u00bb#FFFFFF\u00bb background_color=\u00bb#4073AE\u00bb custom_padding=\u00bb|15px||15px|false|false\u00bb custom_padding_tablet=\u00bb|0px||0px|false|false\u00bb custom_padding_phone=\u00bb|0px||0px|false|false\u00bb custom_padding_last_edited=\u00bbon|tablet\u00bb global_colors_info=\u00bb{}\u00bb theme_builder_area=\u00bbpost_content\u00bb][\/et_pb_fullwidth_menu][\/et_pb_section][et_pb_section fb_built=\u00bb1&#8243; _builder_version=\u00bb4.24.2&#8243; _module_preset=\u00bbdefault\u00bb global_colors_info=\u00bb{}\u00bb theme_builder_area=\u00bbpost_content\u00bb][et_pb_row column_structure=\u00bb3_5,2_5&#8243; module_class=\u00bbproductos__que-comeras\u00bb _builder_version=\u00bb4.24.2&#8243; _module_preset=\u00bbdefault\u00bb custom_padding=\u00bb||60px||false|false\u00bb border_width_bottom=\u00bb1px\u00bb border_color_bottom=\u00bb#cccccc\u00bb global_colors_info=\u00bb{}\u00bb theme_builder_area=\u00bbpost_content\u00bb][et_pb_column type=\u00bb3_5&#8243; _builder_version=\u00bb4.24.2&#8243; _module_preset=\u00bbdefault\u00bb global_colors_info=\u00bb{}\u00bb theme_builder_area=\u00bbpost_content\u00bb][et_pb_text _builder_version=\u00bb4.24.2&#8243; _module_preset=\u00bbdefault\u00bb custom_margin=\u00bb||5px||false|false\u00bb hover_enabled=\u00bb0&#8243; global_colors_info=\u00bb{}\u00bb theme_builder_area=\u00bbpost_content\u00bb sticky_enabled=\u00bb0&#8243;]<\/p>\n<h1>S\u00e8moles<\/h1>\n<p class=\"size-subtitol-22\">S\u00e8moles Nomen. Varietats de blat i d\u2019arr\u00f2s.<\/p>\n<p>[\/et_pb_text][et_pb_text _builder_version=\u00bb4.24.2&#8243; _module_preset=\u00bbdefault\u00bb hover_enabled=\u00bb0&#8243; global_colors_info=\u00bb{}\u00bb theme_builder_area=\u00bbpost_content\u00bb sticky_enabled=\u00bb0&#8243;]<\/p>\n<p>La qualitat dels nostres productes fa que siguem el principal subministrador europeu de farines i s\u00e8moles d\u2019arr\u00f2s amb usos en diferents ind\u00fastries, com ara aliments infantils, cereals d\u2019esmorzar, etc.<\/p>\n<p>Ideals per a rebosteria, cusc\u00fas o farinetes casolanes.<\/p>\n<p>[\/et_pb_text][\/et_pb_column][et_pb_column type=\u00bb2_5&#8243; _builder_version=\u00bb4.24.2&#8243; _module_preset=\u00bbdefault\u00bb global_colors_info=\u00bb{}\u00bb theme_builder_area=\u00bbpost_content\u00bb][et_pb_blurb use_icon=\u00bbon\u00bb font_icon=\u00bb&#xe025;||divi||400&#8243; icon_color=\u00bb#999999&#8243; icon_placement=\u00bbleft\u00bb image_icon_width=\u00bb22px\u00bb _builder_version=\u00bb4.24.2&#8243; _dynamic_attributes=\u00bblink_option_url\u00bb _module_preset=\u00bbdefault\u00bb body_text_align=\u00bbleft\u00bb body_text_color=\u00bb#999999&#8243; animation=\u00bboff\u00bb link_option_url=\u00bb@ET-DC@eyJkeW5hbWljIjp0cnVlLCJjb250ZW50IjoicG9zdF9saW5rX3VybF9wYWdlIiwic2V0dGluZ3MiOnsicG9zdF9pZCI6IjkxMSJ9fQ==@\u00bb global_colors_info=\u00bb{}\u00bb theme_builder_area=\u00bbpost_content\u00bb]<\/p>\n<p>Taula d&#8217;al\u00b7l\u00e8rgens<\/p>\n<p>[\/et_pb_blurb][\/et_pb_column][\/et_pb_row][et_pb_row module_class=\u00bbproductos__productos-grid\u00bb _builder_version=\u00bb4.24.2&#8243; _module_preset=\u00bbdefault\u00bb custom_padding=\u00bb60px||60px||false|false\u00bb global_colors_info=\u00bb{}\u00bb theme_builder_area=\u00bbpost_content\u00bb][et_pb_column type=\u00bb4_4&#8243; _builder_version=\u00bb4.24.2&#8243; _module_preset=\u00bbdefault\u00bb global_colors_info=\u00bb{}\u00bb theme_builder_area=\u00bbpost_content\u00bb][et_pb_code _builder_version=\u00bb4.24.2&#8243; _module_preset=\u00bbdefault\u00bb hover_enabled=\u00bb0&#8243; global_colors_info=\u00bb{}\u00bb theme_builder_area=\u00bbpost_content\u00bb sticky_enabled=\u00bb0&#8243;]\n<div class=\"llistat-productes-types\">\n    <!-- mostrar \"categoria\" arroc\u00edsimo -->\n        <!-- fi mostrar \"categoria\" arroc\u00edsimo -->\n\n    <!-- mostrar \"categoria\" vasets d'arros -->\n        <!-- fi mostrar \"categoria\" vasets d'arros -->\n\n            <div class=\"productes-types-item\">\n            <div class=\"thumbnail\">\n                <div style=\"position:relative; text-align:center;\">\n                    <a href=\"https:\/\/nomen.es\/ca\/semola\/semola-de-arros\/\"><img decoding=\"async\" class=\"img-responsive\" style=\"max-height: 270px;\" alt=\"S\u00c8MOLA D&#8217;ARR\u00d2S\" src=\"https:\/\/nomen.es\/wp-content\/uploads\/2015\/10\/nomen-semola-arroz.jpg\" \/><\/a>\n\n\n                                    <\/div>\n                <div class=\"caption text-center\">\n                    <a href=\"https:\/\/nomen.es\/ca\/semola\/semola-de-arros\/\"><h4 style='padding-top:10px; padding-bottom:0;'>S\u00c8MOLA D&#8217;ARR\u00d2S<\/h4><\/a>\n                <\/div>\n            <\/div>\n        <\/div>\n            <div class=\"productes-types-item\">\n            <div class=\"thumbnail\">\n                <div style=\"position:relative; text-align:center;\">\n                    <a href=\"https:\/\/nomen.es\/ca\/semola\/semola-de-blat\/\"><img decoding=\"async\" class=\"img-responsive\" style=\"max-height: 270px;\" alt=\"S\u00c8MOLA DE BLAT\" src=\"https:\/\/nomen.es\/wp-content\/uploads\/2015\/10\/nomen-semola-trigo.jpg\" \/><\/a>\n\n\n                                    <\/div>\n                <div class=\"caption text-center\">\n                    <a href=\"https:\/\/nomen.es\/ca\/semola\/semola-de-blat\/\"><h4 style='padding-top:10px; padding-bottom:0;'>S\u00c8MOLA DE BLAT<\/h4><\/a>\n                <\/div>\n            <\/div>\n        <\/div>\n    <\/div>[\/et_pb_code][\/et_pb_column][\/et_pb_row][et_pb_row _builder_version=\u00bb4.24.2&#8243; _module_preset=\u00bbdefault\u00bb custom_padding=\u00bb60px||15px||false|false\u00bb border_width_top=\u00bb1px\u00bb border_color_top=\u00bb#cccccc\u00bb global_colors_info=\u00bb{}\u00bb theme_builder_area=\u00bbpost_content\u00bb][et_pb_column type=\u00bb4_4&#8243; _builder_version=\u00bb4.24.2&#8243; _module_preset=\u00bbdefault\u00bb global_colors_info=\u00bb{}\u00bb theme_builder_area=\u00bbpost_content\u00bb][et_pb_text _builder_version=\u00bb4.24.2&#8243; _module_preset=\u00bbdefault\u00bb hover_enabled=\u00bb0&#8243; global_colors_info=\u00bb{}\u00bb theme_builder_area=\u00bbpost_content\u00bb sticky_enabled=\u00bb0&#8243;]<\/p>\n<h2>Classes de s\u00e8moles Nomen<\/h2>\n<p>[\/et_pb_text][\/et_pb_column][\/et_pb_row][et_pb_row column_structure=\u00bb1_2,1_2&#8243; module_class=\u00bbproductos__text-bottom\u00bb _builder_version=\u00bb4.24.2&#8243; _module_preset=\u00bbdefault\u00bb custom_padding=\u00bb0px||||false|false\u00bb global_colors_info=\u00bb{}\u00bb theme_builder_area=\u00bbpost_content\u00bb][et_pb_column type=\u00bb1_2&#8243; _builder_version=\u00bb4.24.2&#8243; _module_preset=\u00bbdefault\u00bb global_colors_info=\u00bb{}\u00bb theme_builder_area=\u00bbpost_content\u00bb][et_pb_text _builder_version=\u00bb4.24.2&#8243; _module_preset=\u00bbdefault\u00bb hover_enabled=\u00bb0&#8243; custom_css_free_form=\u00bbselector p {font-size: 14px;}\u00bb global_colors_info=\u00bb{}\u00bb theme_builder_area=\u00bbpost_content\u00bb sticky_enabled=\u00bb0&#8243;]<\/p>\n<p>Les s\u00e8moles Nomen, d&#8217;arr\u00f2s o de blat, s\u00f3n un aliment ideal per a preparar plats de rebosteria, sopes o farinetes, i a la cuina oriental \u00e9s un ingredient habitual en receptes com ara el cusc\u00fas o el tabule. Amb la <strong>s\u00e8mola de blat o d&#8217;arr\u00f2s<\/strong> Nomen pots preparar tradicionals migas, farinetes, arrebossats de textura cruixent o acompanyar carn, peix i verdura.<\/p>\n<p>[\/et_pb_text][\/et_pb_column][et_pb_column type=\u00bb1_2&#8243; _builder_version=\u00bb4.24.2&#8243; _module_preset=\u00bbdefault\u00bb global_colors_info=\u00bb{}\u00bb theme_builder_area=\u00bbpost_content\u00bb][et_pb_text _builder_version=\u00bb4.24.2&#8243; _module_preset=\u00bbdefault\u00bb hover_enabled=\u00bb0&#8243; custom_css_free_form=\u00bbselector p {font-size: 14px;}\u00bb locked=\u00bboff\u00bb global_colors_info=\u00bb{}\u00bb theme_builder_area=\u00bbpost_content\u00bb sticky_enabled=\u00bb0&#8243;]<\/p>\n<p>A m\u00e9s, la <strong>s\u00e8mola d&#8217;arr\u00f2s<\/strong> Nomen \u00e9s apta per a persones cel\u00edaques. Entre les qualitats nutricionals de les s\u00e8moles destaca el seu alt contingut en hidrats de carboni i en prote\u00efnes i el seu baix nivell de sodi. Contenen molt pocs greixos saturats i colesterol, la qual cosa les converteix en un aliment saludable per a portar una dieta equilibrada.<\/p>\n<p>[\/et_pb_text][\/et_pb_column][\/et_pb_row][\/et_pb_section]<\/p>\n","protected":false},"excerpt":{"rendered":"<p>[et_pb_section fb_built=\u00bb1&#8243; fullwidth=\u00bbon\u00bb _builder_version=\u00bb4.24.2&#8243; _module_preset=\u00bbdefault\u00bb custom_padding=\u00bb0px||0px||false|false\u00bb global_colors_info=\u00bb{}\u00bb theme_builder_area=\u00bbpost_content\u00bb][et_pb_fullwidth_image src=\u00bbhttps:\/\/nomen.es\/wp-content\/uploads\/2015\/09\/portada-productos-nomen-scaled.jpg\u00bb title_text=\u00bbportada-productos-nomen\u00bb _builder_version=\u00bb4.24.2&#8243; _module_preset=\u00bbdefault\u00bb global_colors_info=\u00bb{}\u00bb theme_builder_area=\u00bbpost_content\u00bb][\/et_pb_fullwidth_image][\/et_pb_section][et_pb_section fb_built=\u00bb1&#8243; fullwidth=\u00bbon\u00bb _builder_version=\u00bb4.24.2&#8243; _module_preset=\u00bbdefault\u00bb custom_padding=\u00bb0px||0px||false|false\u00bb global_colors_info=\u00bb{}\u00bb theme_builder_area=\u00bbpost_content\u00bb][et_pb_fullwidth_menu menu_id=\u00bb33&#8243; fullwidth_menu=\u00bbon\u00bb active_link_color=\u00bb#ffffff\u00bb menu_icon_color=\u00bb#333333&#8243; module_class=\u00bbproductos__menu\u00bb _builder_version=\u00bb4.24.2&#8243; _module_preset=\u00bbdefault\u00bb menu_font=\u00bbMontserrat|500|||||||\u00bb menu_text_color=\u00bb#FFFFFF\u00bb background_color=\u00bb#4073AE\u00bb custom_padding=\u00bb|15px||15px|false|false\u00bb custom_padding_tablet=\u00bb|0px||0px|false|false\u00bb custom_padding_phone=\u00bb|0px||0px|false|false\u00bb custom_padding_last_edited=\u00bbon|tablet\u00bb global_colors_info=\u00bb{}\u00bb theme_builder_area=\u00bbpost_content\u00bb][\/et_pb_fullwidth_menu][\/et_pb_section][et_pb_section fb_built=\u00bb1&#8243; _builder_version=\u00bb4.24.2&#8243; _module_preset=\u00bbdefault\u00bb global_colors_info=\u00bb{}\u00bb theme_builder_area=\u00bbpost_content\u00bb][et_pb_row column_structure=\u00bb3_5,2_5&#8243; module_class=\u00bbproductos__que-comeras\u00bb _builder_version=\u00bb4.24.2&#8243; _module_preset=\u00bbdefault\u00bb custom_padding=\u00bb||60px||false|false\u00bb border_width_bottom=\u00bb1px\u00bb border_color_bottom=\u00bb#cccccc\u00bb global_colors_info=\u00bb{}\u00bb theme_builder_area=\u00bbpost_content\u00bb][et_pb_column type=\u00bb3_5&#8243; _builder_version=\u00bb4.24.2&#8243; _module_preset=\u00bbdefault\u00bb global_colors_info=\u00bb{}\u00bb [&hellip;]<\/p>\n","protected":false},"author":1,"featured_media":15154,"parent":12,"menu_order":0,"comment_status":"closed","ping_status":"closed","template":"","meta":{"_acf_changed":false,"_et_pb_use_builder":"on","_et_pb_old_content":"","_et_gb_content_width":"","inline_featured_image":false,"footnotes":"","_members_access_role":[],"_members_access_error":""},"class_list":["post-112","page","type-page","status-publish","has-post-thumbnail","hentry"],"acf":[],"yoast_head":"<!-- This site is optimized with the Yoast SEO plugin v28.3 - https:\/\/yoast.com\/product\/yoast-seo-wordpress\/ -->\n<title>S\u00e8moles Nomen - S\u00e8mola d&#039;arr\u00f2s i s\u00e8mola de blat - Nomen<\/title>\n<meta name=\"description\" content=\"Les s\u00e8moles Nomen, d&#039;arr\u00f2s i de blat, s\u00f3n un aliment ideal per a plats de rebosteria, sopes, farinetes i a la cuina oriental en receptes com cusc\u00fas.\" \/>\n<meta name=\"robots\" content=\"index, follow, max-snippet:-1, max-image-preview:large, max-video-preview:-1\" \/>\n<link rel=\"canonical\" href=\"https:\/\/nomen.es\/ca\/productes-nomen\/semoles\/\" \/>\n<meta property=\"og:locale\" content=\"ca_ES\" \/>\n<meta property=\"og:type\" content=\"article\" \/>\n<meta property=\"og:title\" content=\"S\u00e8moles Nomen - S\u00e8mola d&#039;arr\u00f2s i s\u00e8mola de blat - Nomen\" \/>\n<meta property=\"og:description\" content=\"Les s\u00e8moles Nomen, d&#039;arr\u00f2s i de blat, s\u00f3n un aliment ideal per a plats de rebosteria, sopes, farinetes i a la cuina oriental en receptes com cusc\u00fas.\" \/>\n<meta property=\"og:url\" content=\"https:\/\/nomen.es\/ca\/productes-nomen\/semoles\/\" \/>\n<meta property=\"og:site_name\" content=\"Nomen\" \/>\n<meta property=\"article:modified_time\" content=\"2024-02-29T14:45:15+00:00\" \/>\n<meta property=\"og:image\" content=\"https:\/\/nomen.es\/wp-content\/uploads\/2015\/10\/nomen-semola-trigo.jpg\" \/>\n\t<meta property=\"og:image:width\" content=\"924\" \/>\n\t<meta property=\"og:image:height\" content=\"1020\" \/>\n\t<meta property=\"og:image:type\" content=\"image\/jpeg\" \/>\n<meta name=\"twitter:label1\" content=\"Temps estimat de lectura\" \/>\n\t<meta name=\"twitter:data1\" content=\"2 minuts\" \/>\n<script type=\"application\/ld+json\" class=\"yoast-schema-graph\">{\"@context\":\"https:\\\/\\\/schema.org\",\"@graph\":[{\"@type\":\"WebPage\",\"@id\":\"https:\\\/\\\/nomen.es\\\/ca\\\/productes-nomen\\\/semoles\\\/\",\"url\":\"https:\\\/\\\/nomen.es\\\/ca\\\/productes-nomen\\\/semoles\\\/\",\"name\":\"S\u00e8moles Nomen - S\u00e8mola d'arr\u00f2s i s\u00e8mola de blat - Nomen\",\"isPartOf\":{\"@id\":\"https:\\\/\\\/nomen.es\\\/#website\"},\"primaryImageOfPage\":{\"@id\":\"https:\\\/\\\/nomen.es\\\/ca\\\/productes-nomen\\\/semoles\\\/#primaryimage\"},\"image\":{\"@id\":\"https:\\\/\\\/nomen.es\\\/ca\\\/productes-nomen\\\/semoles\\\/#primaryimage\"},\"thumbnailUrl\":\"https:\\\/\\\/nomen.es\\\/wp-content\\\/uploads\\\/2015\\\/10\\\/nomen-semola-trigo.jpg\",\"datePublished\":\"2015-09-27T18:53:00+00:00\",\"dateModified\":\"2024-02-29T14:45:15+00:00\",\"description\":\"Les s\u00e8moles Nomen, d'arr\u00f2s i de blat, s\u00f3n un aliment ideal per a plats de rebosteria, sopes, farinetes i a la cuina oriental en receptes com cusc\u00fas.\",\"breadcrumb\":{\"@id\":\"https:\\\/\\\/nomen.es\\\/ca\\\/productes-nomen\\\/semoles\\\/#breadcrumb\"},\"inLanguage\":\"ca\",\"potentialAction\":[{\"@type\":\"ReadAction\",\"target\":[\"https:\\\/\\\/nomen.es\\\/ca\\\/productes-nomen\\\/semoles\\\/\"]}]},{\"@type\":\"ImageObject\",\"inLanguage\":\"ca\",\"@id\":\"https:\\\/\\\/nomen.es\\\/ca\\\/productes-nomen\\\/semoles\\\/#primaryimage\",\"url\":\"https:\\\/\\\/nomen.es\\\/wp-content\\\/uploads\\\/2015\\\/10\\\/nomen-semola-trigo.jpg\",\"contentUrl\":\"https:\\\/\\\/nomen.es\\\/wp-content\\\/uploads\\\/2015\\\/10\\\/nomen-semola-trigo.jpg\",\"width\":924,\"height\":1020},{\"@type\":\"BreadcrumbList\",\"@id\":\"https:\\\/\\\/nomen.es\\\/ca\\\/productes-nomen\\\/semoles\\\/#breadcrumb\",\"itemListElement\":[{\"@type\":\"ListItem\",\"position\":1,\"name\":\"Portada\",\"item\":\"https:\\\/\\\/nomen.es\\\/ca\\\/\"},{\"@type\":\"ListItem\",\"position\":2,\"name\":\"Productes\",\"item\":\"https:\\\/\\\/nomen.es\\\/ca\\\/productes-nomen\\\/\"},{\"@type\":\"ListItem\",\"position\":3,\"name\":\"S\u00e8moles\"}]},{\"@type\":\"WebSite\",\"@id\":\"https:\\\/\\\/nomen.es\\\/#website\",\"url\":\"https:\\\/\\\/nomen.es\\\/\",\"name\":\"Nomen\",\"description\":\"Mucho m\u00e1s que arroz\",\"potentialAction\":[{\"@type\":\"SearchAction\",\"target\":{\"@type\":\"EntryPoint\",\"urlTemplate\":\"https:\\\/\\\/nomen.es\\\/?s={search_term_string}\"},\"query-input\":{\"@type\":\"PropertyValueSpecification\",\"valueRequired\":true,\"valueName\":\"search_term_string\"}}],\"inLanguage\":\"ca\"}]}<\/script>\n<!-- \/ Yoast SEO plugin. -->","yoast_head_json":{"title":"S\u00e8moles Nomen - S\u00e8mola d'arr\u00f2s i s\u00e8mola de blat - Nomen","description":"Les s\u00e8moles Nomen, d'arr\u00f2s i de blat, s\u00f3n un aliment ideal per a plats de rebosteria, sopes, farinetes i a la cuina oriental en receptes com cusc\u00fas.","robots":{"index":"index","follow":"follow","max-snippet":"max-snippet:-1","max-image-preview":"max-image-preview:large","max-video-preview":"max-video-preview:-1"},"canonical":"https:\/\/nomen.es\/ca\/productes-nomen\/semoles\/","og_locale":"ca_ES","og_type":"article","og_title":"S\u00e8moles Nomen - S\u00e8mola d'arr\u00f2s i s\u00e8mola de blat - Nomen","og_description":"Les s\u00e8moles Nomen, d'arr\u00f2s i de blat, s\u00f3n un aliment ideal per a plats de rebosteria, sopes, farinetes i a la cuina oriental en receptes com cusc\u00fas.","og_url":"https:\/\/nomen.es\/ca\/productes-nomen\/semoles\/","og_site_name":"Nomen","article_modified_time":"2024-02-29T14:45:15+00:00","og_image":[{"width":924,"height":1020,"url":"https:\/\/nomen.es\/wp-content\/uploads\/2015\/10\/nomen-semola-trigo.jpg","type":"image\/jpeg"}],"twitter_misc":{"Temps estimat de lectura":"2 minuts"},"schema":{"@context":"https:\/\/schema.org","@graph":[{"@type":"WebPage","@id":"https:\/\/nomen.es\/ca\/productes-nomen\/semoles\/","url":"https:\/\/nomen.es\/ca\/productes-nomen\/semoles\/","name":"S\u00e8moles Nomen - S\u00e8mola d'arr\u00f2s i s\u00e8mola de blat - Nomen","isPartOf":{"@id":"https:\/\/nomen.es\/#website"},"primaryImageOfPage":{"@id":"https:\/\/nomen.es\/ca\/productes-nomen\/semoles\/#primaryimage"},"image":{"@id":"https:\/\/nomen.es\/ca\/productes-nomen\/semoles\/#primaryimage"},"thumbnailUrl":"https:\/\/nomen.es\/wp-content\/uploads\/2015\/10\/nomen-semola-trigo.jpg","datePublished":"2015-09-27T18:53:00+00:00","dateModified":"2024-02-29T14:45:15+00:00","description":"Les s\u00e8moles Nomen, d'arr\u00f2s i de blat, s\u00f3n un aliment ideal per a plats de rebosteria, sopes, farinetes i a la cuina oriental en receptes com cusc\u00fas.","breadcrumb":{"@id":"https:\/\/nomen.es\/ca\/productes-nomen\/semoles\/#breadcrumb"},"inLanguage":"ca","potentialAction":[{"@type":"ReadAction","target":["https:\/\/nomen.es\/ca\/productes-nomen\/semoles\/"]}]},{"@type":"ImageObject","inLanguage":"ca","@id":"https:\/\/nomen.es\/ca\/productes-nomen\/semoles\/#primaryimage","url":"https:\/\/nomen.es\/wp-content\/uploads\/2015\/10\/nomen-semola-trigo.jpg","contentUrl":"https:\/\/nomen.es\/wp-content\/uploads\/2015\/10\/nomen-semola-trigo.jpg","width":924,"height":1020},{"@type":"BreadcrumbList","@id":"https:\/\/nomen.es\/ca\/productes-nomen\/semoles\/#breadcrumb","itemListElement":[{"@type":"ListItem","position":1,"name":"Portada","item":"https:\/\/nomen.es\/ca\/"},{"@type":"ListItem","position":2,"name":"Productes","item":"https:\/\/nomen.es\/ca\/productes-nomen\/"},{"@type":"ListItem","position":3,"name":"S\u00e8moles"}]},{"@type":"WebSite","@id":"https:\/\/nomen.es\/#website","url":"https:\/\/nomen.es\/","name":"Nomen","description":"Mucho m\u00e1s que arroz","potentialAction":[{"@type":"SearchAction","target":{"@type":"EntryPoint","urlTemplate":"https:\/\/nomen.es\/?s={search_term_string}"},"query-input":{"@type":"PropertyValueSpecification","valueRequired":true,"valueName":"search_term_string"}}],"inLanguage":"ca"}]}},"_links":{"self":[{"href":"https:\/\/nomen.es\/ca\/wp-json\/wp\/v2\/pages\/112","targetHints":{"allow":["GET"]}}],"collection":[{"href":"https:\/\/nomen.es\/ca\/wp-json\/wp\/v2\/pages"}],"about":[{"href":"https:\/\/nomen.es\/ca\/wp-json\/wp\/v2\/types\/page"}],"author":[{"embeddable":true,"href":"https:\/\/nomen.es\/ca\/wp-json\/wp\/v2\/users\/1"}],"replies":[{"embeddable":true,"href":"https:\/\/nomen.es\/ca\/wp-json\/wp\/v2\/comments?post=112"}],"version-history":[{"count":0,"href":"https:\/\/nomen.es\/ca\/wp-json\/wp\/v2\/pages\/112\/revisions"}],"up":[{"embeddable":true,"href":"https:\/\/nomen.es\/ca\/wp-json\/wp\/v2\/pages\/12"}],"wp:featuredmedia":[{"embeddable":true,"href":"https:\/\/nomen.es\/ca\/wp-json\/wp\/v2\/media\/15154"}],"wp:attachment":[{"href":"https:\/\/nomen.es\/ca\/wp-json\/wp\/v2\/media?parent=112"}],"curies":[{"name":"wp","href":"https:\/\/api.w.org\/{rel}","templated":true}]}}