{"id":2,"date":"2015-09-26T17:10:25","date_gmt":"2015-09-26T17:10:25","guid":{"rendered":"https:\/\/nomen.es\/?page_id=2"},"modified":"2024-05-24T09:39:16","modified_gmt":"2024-05-24T07:39:16","slug":"home","status":"publish","type":"page","link":"https:\/\/nomen.es\/ca\/","title":{"rendered":"Home"},"content":{"rendered":"<p>[et_pb_section fb_built=&#8221;1&#8243; fullwidth=&#8221;on&#8221; module_class=&#8221;home__slider&#8221; _builder_version=&#8221;4.24.2&#8243; _module_preset=&#8221;default&#8221; custom_padding=&#8221;0px||0px||false|false&#8221; global_colors_info=&#8221;{}&#8221;][et_pb_fullwidth_slider _builder_version=&#8221;4.24.2&#8243; _module_preset=&#8221;default&#8221; custom_button=&#8221;on&#8221; button_text_size=&#8221;17px&#8221; button_bg_color=&#8221;RGBA(255,255,255,0)&#8221; button_border_radius=&#8221;4px&#8221; button_font=&#8221;Montserrat|700|||||||&#8221; button_use_icon=&#8221;off&#8221; button_custom_padding=&#8221;12px|17px|12px|17px|true|true&#8221; auto=&#8221;on&#8221; auto_speed=&#8221;5000&#8243; global_colors_info=&#8221;{}&#8221; button_text_color__hover_enabled=&#8221;on|hover&#8221; button_text_color__hover=&#8221;#4073AE&#8221; button_bg_color__hover_enabled=&#8221;on|hover&#8221; button_bg_color__hover=&#8221;#FFFFFF&#8221; button_bg_enable_color__hover=&#8221;on&#8221; button_border_color__hover_enabled=&#8221;on|hover&#8221; button_border_color__hover=&#8221;#FFFFFF&#8221;][et_pb_slide heading=&#8221;Adeu, pl\u00e0stic. Hola, vidre!&#8221; button_text=&#8221;Descobreix-la&#8221; button_link=&#8221;@ET-DC@eyJkeW5hbWljIjp0cnVlLCJjb250ZW50IjoicG9zdF9saW5rX3VybF9wYWdlIiwic2V0dGluZ3MiOnsicG9zdF9pZCI6IjEzNzQzIn19@&#8221; image=&#8221;https:\/\/nomen.es\/wp-content\/uploads\/2024\/02\/nomen-qualitat1minuto-slider-cat.png&#8221; _builder_version=&#8221;4.24.2&#8243; _dynamic_attributes=&#8221;button_link&#8221; _module_preset=&#8221;default&#8221; background_enable_color=&#8221;off&#8221; background_image=&#8221;https:\/\/nomen.es\/wp-content\/uploads\/2022\/04\/nomen-calidad1minuto-slider-fondo-1.png&#8221; background_enable_image=&#8221;on&#8221; global_colors_info=&#8221;{}&#8221; sticky_transition=&#8221;on&#8221;]<\/p>\n<p>La gamma Qualitat 1 Minut de Nomen, una nova dimensi\u00f3 de sostenibilitat i sabor.<\/p>\n<p>[\/et_pb_slide][et_pb_slide heading=&#8221;Receptes Nomen&#8221; button_text=&#8221;Vegeu-ne m\u00e9s&#8221; button_link=&#8221;@ET-DC@eyJkeW5hbWljIjp0cnVlLCJjb250ZW50IjoicG9zdF9saW5rX3VybF9wYWdlIiwic2V0dGluZ3MiOnsicG9zdF9pZCI6IjE3In19@&#8221; image=&#8221;https:\/\/nomen.es\/wp-content\/uploads\/2015\/09\/recetas_nomen2.png&#8221; _builder_version=&#8221;4.24.2&#8243; _dynamic_attributes=&#8221;button_link&#8221; _module_preset=&#8221;default&#8221; background_enable_color=&#8221;off&#8221; background_image=&#8221;https:\/\/nomen.es\/wp-content\/uploads\/2015\/10\/recetas-nomen.jpg&#8221; background_enable_image=&#8221;on&#8221; global_colors_info=&#8221;{}&#8221; sticky_transition=&#8221;on&#8221;]Qu\u00e8 cuino avui? Nomen et proposa receptes per a cada ocasi\u00f3, des de les m\u00e9s senzilles i r\u00e0pides fins a les m\u00e9s elaborades.[\/et_pb_slide][\/et_pb_fullwidth_slider][\/et_pb_section][et_pb_section fb_built=&#8221;1&#8243; module_class=&#8221;home__ecologic&#8221; _builder_version=&#8221;4.24.2&#8243; _module_preset=&#8221;default&#8221; global_colors_info=&#8221;{}&#8221;][et_pb_row column_structure=&#8221;2_5,3_5&#8243; _builder_version=&#8221;4.24.2&#8243; _module_preset=&#8221;default&#8221; global_colors_info=&#8221;{}&#8221;][et_pb_column type=&#8221;2_5&#8243; _builder_version=&#8221;4.24.2&#8243; _module_preset=&#8221;default&#8221; global_colors_info=&#8221;{}&#8221;][et_pb_image src=&#8221;https:\/\/nomen.es\/wp-content\/uploads\/2023\/07\/arroz-ecologico-home.png&#8221; title_text=&#8221;arroz-ecologico-home&#8221; align=&#8221;right&#8221; _builder_version=&#8221;4.24.2&#8243; _module_preset=&#8221;default&#8221; global_colors_info=&#8221;{}&#8221;][\/et_pb_image][\/et_pb_column][et_pb_column type=&#8221;3_5&#8243; _builder_version=&#8221;4.24.2&#8243; _module_preset=&#8221;default&#8221; custom_padding=&#8221;45px||||false|false&#8221; global_colors_info=&#8221;{}&#8221;][et_pb_text _builder_version=&#8221;4.24.2&#8243; _module_preset=&#8221;default&#8221; custom_margin=&#8221;||15px||false|false&#8221; global_colors_info=&#8221;{}&#8221;]<\/p>\n<h2><span class=\"size-28\">Arrossos de cultiu ecol\u00f2gic Nomen<\/span><\/br>Sans, nutritius i 100% naturals<\/h2>\n<p>[\/et_pb_text][et_pb_text _builder_version=&#8221;4.24.2&#8243; _module_preset=&#8221;default&#8221; global_colors_info=&#8221;{}&#8221;]Et presentem els nostres arrossos ecol\u00f2gics, conreats amb m\u00e8todes naturals perqu\u00e8 puguis gaudir del sabor m\u00e9s saludable i del seu alt poder nutritiu en totes les teves receptes. S\u00f3n arrossos lliures de qu\u00edmics i additius, ideals per a elaborar plats de cuina natural i receptes vegetarianes o veganes. Qu\u00e8 esperes a tastar-los?[\/et_pb_text][et_pb_code module_class=&#8221;home__ecologic-botons&#8221; _builder_version=&#8221;4.24.2&#8243; _module_preset=&#8221;default&#8221; global_colors_info=&#8221;{}&#8221;]<a class=\"boton-principal\" href=\"https:\/\/nomen.es\/ca\/arros\/arros-de-cultiu-ecologic-nomen\/\">Arr\u00f2s ecol\u00f2gic<\/a><!-- [et_pb_line_break_holder] --><a class=\"boton-principal\" href=\"https:\/\/nomen.es\/ca\/arros\/arros-integral-de-cultiu-ecologic-nomen\/\">Arr\u00f2s integral ecol\u00f2gic<\/a>[\/et_pb_code][\/et_pb_column][\/et_pb_row][\/et_pb_section][et_pb_section fb_built=&#8221;1&#8243; module_class=&#8221;home__recetas&#8221; _builder_version=&#8221;4.24.2&#8243; _module_preset=&#8221;default&#8221; background_image=&#8221;https:\/\/nomen.es\/wp-content\/uploads\/2024\/02\/receptes-nomen-background-cat.jpg&#8221; custom_padding=&#8221;0px||0px||false|false&#8221; global_colors_info=&#8221;{}&#8221;][et_pb_row column_structure=&#8221;1_2,1_2&#8243; use_custom_gutter=&#8221;on&#8221; gutter_width=&#8221;1&#8243; make_equal=&#8221;on&#8221; _builder_version=&#8221;4.24.2&#8243; _module_preset=&#8221;default&#8221; width=&#8221;100%&#8221; max_width=&#8221;100%&#8221; custom_padding=&#8221;0px||0px||false|false&#8221; global_colors_info=&#8221;{}&#8221;][et_pb_column type=&#8221;1_2&#8243; _builder_version=&#8221;4.24.2&#8243; _module_preset=&#8221;default&#8221; background_color=&#8221;rgba(0,0,0,0.5)&#8221; custom_padding=&#8221;75px|75px|75px|75px|false|false&#8221; custom_padding_tablet=&#8221;75px|75px|75px|75px|false|false&#8221; custom_padding_phone=&#8221;|30px||30px|false|false&#8221; custom_padding_last_edited=&#8221;on|phone&#8221; global_colors_info=&#8221;{}&#8221;][et_pb_image src=&#8221;https:\/\/nomen.es\/wp-content\/uploads\/2015\/09\/receptes-nomen.png&#8221; title_text=&#8221;receptes-nomen&#8221; _builder_version=&#8221;4.24.2&#8243; _module_preset=&#8221;default&#8221; custom_margin=&#8221;||40px||false|false&#8221; global_colors_info=&#8221;{}&#8221;][\/et_pb_image][et_pb_text _builder_version=&#8221;4.24.2&#8243; _module_preset=&#8221;default&#8221; custom_margin=&#8221;||15px||false|false&#8221; global_colors_info=&#8221;{}&#8221;]<\/p>\n<h2 class=\"text-blanc\">Els nostres suggeriments<\/h2>\n<p>[\/et_pb_text][et_pb_text _builder_version=&#8221;4.24.2&#8243; _module_preset=&#8221;default&#8221; max_width=&#8221;500px&#8221; custom_margin=&#8221;||25px||false|false&#8221; global_colors_info=&#8221;{}&#8221;]<\/p>\n<p class=\"text-blanc font-title\">Nomen et porta una fant\u00e0stica col\u00b7lecci\u00f3 de receptes que faran les del\u00edcies dels teus comensals. No et perdis els nostres suggeriments!<\/p>\n<p>[\/et_pb_text][et_pb_button button_url=&#8221;@ET-DC@eyJkeW5hbWljIjp0cnVlLCJjb250ZW50IjoicG9zdF9saW5rX3VybF9wYWdlIiwic2V0dGluZ3MiOnsicG9zdF9pZCI6IjE5In19@&#8221; button_text=&#8221;Descobreix-les&#8221; _builder_version=&#8221;4.24.2&#8243; _dynamic_attributes=&#8221;button_url&#8221; _module_preset=&#8221;cce0e8a0-b866-482d-a9f0-602a2b859cb8&#8243; global_colors_info=&#8221;{}&#8221;][\/et_pb_button][\/et_pb_column][et_pb_column type=&#8221;1_2&#8243; _builder_version=&#8221;4.24.2&#8243; _module_preset=&#8221;default&#8221; global_colors_info=&#8221;{}&#8221;][\/et_pb_column][\/et_pb_row][\/et_pb_section][et_pb_section fb_built=&#8221;1&#8243; module_class=&#8221;home__blog&#8221; _builder_version=&#8221;4.24.2&#8243; _module_preset=&#8221;default&#8221; global_colors_info=&#8221;{}&#8221;][et_pb_row _builder_version=&#8221;4.24.2&#8243; _module_preset=&#8221;default&#8221; global_colors_info=&#8221;{}&#8221;][et_pb_column type=&#8221;4_4&#8243; _builder_version=&#8221;4.24.2&#8243; _module_preset=&#8221;default&#8221; global_colors_info=&#8221;{}&#8221;][et_pb_text _builder_version=&#8221;4.24.2&#8243; _module_preset=&#8221;default&#8221; global_colors_info=&#8221;{}&#8221;]<\/p>\n<h2>Blog<\/h2>\n<p>[\/et_pb_text][et_pb_blog posts_number=&#8221;4&#8243; include_categories=&#8221;all&#8221; excerpt_length=&#8221;160&#8243; show_author=&#8221;off&#8221; show_date=&#8221;off&#8221; show_categories=&#8221;off&#8221; show_pagination=&#8221;off&#8221; module_class=&#8221;modul-blog-grid-4 modul-blog&#8221; _builder_version=&#8221;4.24.2&#8243; _module_preset=&#8221;default&#8221; header_level=&#8221;h3&#8243; border_width_all_fullwidth=&#8221;1px&#8221; border_color_all_fullwidth=&#8221;#cccccc&#8221; global_colors_info=&#8221;{}&#8221;][\/et_pb_blog][\/et_pb_column][\/et_pb_row][\/et_pb_section][et_pb_section fb_built=&#8221;1&#8243; module_class=&#8221;home__nomen&#8221; _builder_version=&#8221;4.24.2&#8243; _module_preset=&#8221;default&#8221; background_image=&#8221;https:\/\/nomen.es\/wp-content\/uploads\/2018\/06\/family-bg.png&#8221; global_colors_info=&#8221;{}&#8221;][et_pb_row column_structure=&#8221;1_2,1_2&#8243; _builder_version=&#8221;4.24.2&#8243; _module_preset=&#8221;default&#8221; global_colors_info=&#8221;{}&#8221;][et_pb_column type=&#8221;1_2&#8243; _builder_version=&#8221;4.24.2&#8243; _module_preset=&#8221;default&#8221; global_colors_info=&#8221;{}&#8221;][et_pb_text _builder_version=&#8221;4.24.2&#8243; _module_preset=&#8221;default&#8221; global_colors_info=&#8221;{}&#8221;]<\/p>\n<h1 class=\"text-blanc\">Nomen. Molt m\u00e9s que arr\u00f2s.<\/h1>\n<p>[\/et_pb_text][et_pb_text _builder_version=&#8221;4.24.2&#8243; _module_preset=&#8221;default&#8221; global_colors_info=&#8221;{}&#8221;]<\/p>\n<p class=\"text-blanc font-title\">A Nomen ens distingim per la qualitat del nostre arr\u00f2s i dels productes elaborats amb arr\u00f2s. Ens enorgulleix ser la marca pionera a Espanya de crear i comercialitzar la gamma m\u00e9s \u00e0mplia d&#8217;arrossos del m\u00f3n, com ara l&#8217;arr\u00f2s extra, l&#8217;arr\u00f2s bomba, l&#8217;arr\u00f2s basmati brajma, l&#8217;arr\u00f2s thai, l&#8217;arr\u00f2s integral, l&#8217;arr\u00f2s salvatge, els productes de cultiu ecol\u00f2gic i les farines de blat, els plats preparats, el pa ratllat, les s\u00e8moles i el cusc\u00fas.<\/p>\n<p class=\"text-blanc font-title\">En el nostre afany de superaci\u00f3, a Nomen apostem per la tecnologia incrementant el nostre pressupost anual en recerca (R+D), comercialitzant productes com la beguda d&#8217;arr\u00f2s i cacau, productes de preparaci\u00f3 r\u00e0pida com els vasets d&#8217;arr\u00f2s de varietats i l&#8217;arr\u00f2s integral envasat al buit.<\/p>\n<p class=\"text-blanc size-especial-20\">Nomen \u00e9s sin\u00f2nim de qualitat. La qualitat del millor arr\u00f2s.<\/p>\n<p>[\/et_pb_text][\/et_pb_column][et_pb_column type=&#8221;1_2&#8243; _builder_version=&#8221;4.24.2&#8243; _module_preset=&#8221;default&#8221; global_colors_info=&#8221;{}&#8221;][et_pb_video src=&#8221;https:\/\/www.youtube.com\/watch?v=Vf0eGk5nNqw&#8221; _builder_version=&#8221;4.24.2&#8243; _module_preset=&#8221;default&#8221; global_colors_info=&#8221;{}&#8221;][\/et_pb_video][\/et_pb_column][\/et_pb_row][\/et_pb_section][et_pb_section fb_built=&#8221;1&#8243; custom_padding_last_edited=&#8221;on|phone&#8221; _builder_version=&#8221;4.24.2&#8243; _module_preset=&#8221;default&#8221; background_image=&#8221;https:\/\/nomen.es\/wp-content\/uploads\/2024\/02\/chef-nomen-background-scaled.jpg&#8221; custom_padding=&#8221;95px||95px||false|false&#8221; custom_padding_tablet=&#8221;85px||85px||false|false&#8221; custom_padding_phone=&#8221;75px||75px||false|false&#8221; global_colors_info=&#8221;{}&#8221;][et_pb_row _builder_version=&#8221;4.24.2&#8243; _module_preset=&#8221;default&#8221; max_width=&#8221;300px&#8221; module_alignment=&#8221;center&#8221; global_colors_info=&#8221;{}&#8221;][et_pb_column type=&#8221;4_4&#8243; _builder_version=&#8221;4.24.2&#8243; _module_preset=&#8221;default&#8221; global_colors_info=&#8221;{}&#8221;][et_pb_image src=&#8221;https:\/\/nomen.es\/wp-content\/uploads\/2015\/09\/chef-nomen.png&#8221; title_text=&#8221;chef-nomen&#8221; align=&#8221;center&#8221; _builder_version=&#8221;4.24.2&#8243; _module_preset=&#8221;default&#8221; custom_margin=&#8221;||40px||false|false&#8221; global_colors_info=&#8221;{}&#8221;][\/et_pb_image][et_pb_text _builder_version=&#8221;4.24.2&#8243; _module_preset=&#8221;default&#8221; header_2_text_align=&#8221;center&#8221; custom_margin=&#8221;||15px||false|false&#8221; global_colors_info=&#8221;{}&#8221;]<\/p>\n<h2 class=\"text-blanc\">Descobreix els nostres millors xefs!<\/h2>\n<p>[\/et_pb_text][et_pb_text _builder_version=&#8221;4.24.2&#8243; _module_preset=&#8221;default&#8221; text_orientation=&#8221;center&#8221; custom_margin=&#8221;||25px||false|false&#8221; global_colors_info=&#8221;{}&#8221;]<\/p>\n<p class=\"text-blanc font-title\">Pots veure quines han estat les millors receptes enviades pels nostres consumidors, esperem que t&#8217;agradin! Descobreix els nostres millors xefs!<\/p>\n<p>[\/et_pb_text][et_pb_button button_url=&#8221;https:\/\/nomen.es\/ca\/xef\/&#8221; button_text=&#8221;Accediu-hi&#8221; _builder_version=&#8221;4.25.1&#8243; _module_preset=&#8221;396f253f-21a3-492e-8381-3b6806a2bc16&#8243; hover_enabled=&#8221;0&#8243; global_colors_info=&#8221;{}&#8221; sticky_enabled=&#8221;0&#8243;][\/et_pb_button][\/et_pb_column][\/et_pb_row][\/et_pb_section]<\/p>\n","protected":false},"excerpt":{"rendered":"<p>La gamma Qualitat 1 Minut de Nomen, una nova dimensi\u00f3 de sostenibilitat i sabor.Qu\u00e8 cuino avui? Nomen et proposa receptes per a cada ocasi\u00f3, des de les m\u00e9s senzilles i r\u00e0pides fins a les m\u00e9s elaborades.Arrossos de cultiu ecol\u00f2gic NomenSans, nutritius i 100% naturalsEt presentem els nostres arrossos ecol\u00f2gics, conreats amb m\u00e8todes naturals perqu\u00e8 puguis [&hellip;]<\/p>\n","protected":false},"author":1,"featured_media":0,"parent":0,"menu_order":0,"comment_status":"open","ping_status":"open","template":"","meta":{"_acf_changed":false,"_et_pb_use_builder":"on","_et_pb_old_content":"","_et_gb_content_width":"","inline_featured_image":false,"footnotes":""},"class_list":["post-2","page","type-page","status-publish","hentry"],"acf":[],"yoast_head":"<!-- This site is optimized with the Yoast SEO plugin v27.4 - https:\/\/yoast.com\/product\/yoast-seo-wordpress\/ -->\n<title>Nomen. Molt m\u00e9s que arr\u00f2s - Descobreix els nostres productes<\/title>\n<meta name=\"description\" content=\"A Nomen ens distingim per la qualitat del nostre arr\u00f2s i dels productes elaborats amb arr\u00f2s. Consulteu la gamma m\u00e9s \u00e0mplia d&#039;arrossos del m\u00f3n.\" \/>\n<meta name=\"robots\" content=\"index, follow, max-snippet:-1, max-image-preview:large, max-video-preview:-1\" \/>\n<link rel=\"canonical\" href=\"https:\/\/nomen.es\/ca\/\" \/>\n<meta property=\"og:locale\" content=\"ca_ES\" \/>\n<meta property=\"og:type\" content=\"article\" \/>\n<meta property=\"og:title\" content=\"Nomen. Molt m\u00e9s que arr\u00f2s - Descobreix els nostres productes\" \/>\n<meta property=\"og:description\" content=\"A Nomen ens distingim per la qualitat del nostre arr\u00f2s i dels productes elaborats amb arr\u00f2s. Consulteu la gamma m\u00e9s \u00e0mplia d&#039;arrossos del m\u00f3n.\" \/>\n<meta property=\"og:url\" content=\"https:\/\/nomen.es\/ca\/\" \/>\n<meta property=\"og:site_name\" content=\"Nomen\" \/>\n<meta property=\"article:modified_time\" content=\"2024-05-24T07:39:16+00:00\" \/>\n<meta name=\"twitter:label1\" content=\"Temps estimat de lectura\" \/>\n\t<meta name=\"twitter:data1\" content=\"5 minuts\" \/>\n<script type=\"application\/ld+json\" class=\"yoast-schema-graph\">{\"@context\":\"https:\\\/\\\/schema.org\",\"@graph\":[{\"@type\":\"WebPage\",\"@id\":\"https:\\\/\\\/nomen.es\\\/ca\\\/\",\"url\":\"https:\\\/\\\/nomen.es\\\/ca\\\/\",\"name\":\"Nomen. Molt m\u00e9s que arr\u00f2s - Descobreix els nostres productes\",\"isPartOf\":{\"@id\":\"https:\\\/\\\/nomen.es\\\/#website\"},\"datePublished\":\"2015-09-26T17:10:25+00:00\",\"dateModified\":\"2024-05-24T07:39:16+00:00\",\"description\":\"A Nomen ens distingim per la qualitat del nostre arr\u00f2s i dels productes elaborats amb arr\u00f2s. Consulteu la gamma m\u00e9s \u00e0mplia d'arrossos del m\u00f3n.\",\"breadcrumb\":{\"@id\":\"https:\\\/\\\/nomen.es\\\/ca\\\/#breadcrumb\"},\"inLanguage\":\"ca\",\"potentialAction\":[{\"@type\":\"ReadAction\",\"target\":[\"https:\\\/\\\/nomen.es\\\/ca\\\/\"]}]},{\"@type\":\"BreadcrumbList\",\"@id\":\"https:\\\/\\\/nomen.es\\\/ca\\\/#breadcrumb\",\"itemListElement\":[{\"@type\":\"ListItem\",\"position\":1,\"name\":\"Portada\",\"item\":\"https:\\\/\\\/nomen.es\\\/ca\\\/\"},{\"@type\":\"ListItem\",\"position\":2,\"name\":\"Home\"}]},{\"@type\":\"WebSite\",\"@id\":\"https:\\\/\\\/nomen.es\\\/#website\",\"url\":\"https:\\\/\\\/nomen.es\\\/\",\"name\":\"Nomen\",\"description\":\"Mucho m\u00e1s que arroz\",\"potentialAction\":[{\"@type\":\"SearchAction\",\"target\":{\"@type\":\"EntryPoint\",\"urlTemplate\":\"https:\\\/\\\/nomen.es\\\/?s={search_term_string}\"},\"query-input\":{\"@type\":\"PropertyValueSpecification\",\"valueRequired\":true,\"valueName\":\"search_term_string\"}}],\"inLanguage\":\"ca\"}]}<\/script>\n<!-- \/ Yoast SEO plugin. -->","yoast_head_json":{"title":"Nomen. Molt m\u00e9s que arr\u00f2s - Descobreix els nostres productes","description":"A Nomen ens distingim per la qualitat del nostre arr\u00f2s i dels productes elaborats amb arr\u00f2s. Consulteu la gamma m\u00e9s \u00e0mplia d'arrossos del m\u00f3n.","robots":{"index":"index","follow":"follow","max-snippet":"max-snippet:-1","max-image-preview":"max-image-preview:large","max-video-preview":"max-video-preview:-1"},"canonical":"https:\/\/nomen.es\/ca\/","og_locale":"ca_ES","og_type":"article","og_title":"Nomen. Molt m\u00e9s que arr\u00f2s - Descobreix els nostres productes","og_description":"A Nomen ens distingim per la qualitat del nostre arr\u00f2s i dels productes elaborats amb arr\u00f2s. Consulteu la gamma m\u00e9s \u00e0mplia d'arrossos del m\u00f3n.","og_url":"https:\/\/nomen.es\/ca\/","og_site_name":"Nomen","article_modified_time":"2024-05-24T07:39:16+00:00","twitter_misc":{"Temps estimat de lectura":"5 minuts"},"schema":{"@context":"https:\/\/schema.org","@graph":[{"@type":"WebPage","@id":"https:\/\/nomen.es\/ca\/","url":"https:\/\/nomen.es\/ca\/","name":"Nomen. Molt m\u00e9s que arr\u00f2s - Descobreix els nostres productes","isPartOf":{"@id":"https:\/\/nomen.es\/#website"},"datePublished":"2015-09-26T17:10:25+00:00","dateModified":"2024-05-24T07:39:16+00:00","description":"A Nomen ens distingim per la qualitat del nostre arr\u00f2s i dels productes elaborats amb arr\u00f2s. Consulteu la gamma m\u00e9s \u00e0mplia d'arrossos del m\u00f3n.","breadcrumb":{"@id":"https:\/\/nomen.es\/ca\/#breadcrumb"},"inLanguage":"ca","potentialAction":[{"@type":"ReadAction","target":["https:\/\/nomen.es\/ca\/"]}]},{"@type":"BreadcrumbList","@id":"https:\/\/nomen.es\/ca\/#breadcrumb","itemListElement":[{"@type":"ListItem","position":1,"name":"Portada","item":"https:\/\/nomen.es\/ca\/"},{"@type":"ListItem","position":2,"name":"Home"}]},{"@type":"WebSite","@id":"https:\/\/nomen.es\/#website","url":"https:\/\/nomen.es\/","name":"Nomen","description":"Mucho m\u00e1s que arroz","potentialAction":[{"@type":"SearchAction","target":{"@type":"EntryPoint","urlTemplate":"https:\/\/nomen.es\/?s={search_term_string}"},"query-input":{"@type":"PropertyValueSpecification","valueRequired":true,"valueName":"search_term_string"}}],"inLanguage":"ca"}]}},"_links":{"self":[{"href":"https:\/\/nomen.es\/ca\/wp-json\/wp\/v2\/pages\/2","targetHints":{"allow":["GET"]}}],"collection":[{"href":"https:\/\/nomen.es\/ca\/wp-json\/wp\/v2\/pages"}],"about":[{"href":"https:\/\/nomen.es\/ca\/wp-json\/wp\/v2\/types\/page"}],"author":[{"embeddable":true,"href":"https:\/\/nomen.es\/ca\/wp-json\/wp\/v2\/users\/1"}],"replies":[{"embeddable":true,"href":"https:\/\/nomen.es\/ca\/wp-json\/wp\/v2\/comments?post=2"}],"version-history":[{"count":2,"href":"https:\/\/nomen.es\/ca\/wp-json\/wp\/v2\/pages\/2\/revisions"}],"predecessor-version":[{"id":44289,"href":"https:\/\/nomen.es\/ca\/wp-json\/wp\/v2\/pages\/2\/revisions\/44289"}],"wp:attachment":[{"href":"https:\/\/nomen.es\/ca\/wp-json\/wp\/v2\/media?parent=2"}],"curies":[{"name":"wp","href":"https:\/\/api.w.org\/{rel}","templated":true}]}}